{"id":4645,"date":"2026-03-05T12:25:44","date_gmt":"2026-03-05T11:25:44","guid":{"rendered":"https:\/\/isabellerecloux.be\/?page_id=4645"},"modified":"2026-03-05T15:09:34","modified_gmt":"2026-03-05T14:09:34","slug":"le-recadrage-mode-demploi","status":"publish","type":"page","link":"https:\/\/isabellerecloux.be\/index.php\/le-recadrage-mode-demploi\/","title":{"rendered":"Le recadrage : mode d&#8217;emploi"},"content":{"rendered":"\t\t<div data-elementor-type=\"wp-page\" data-elementor-id=\"4645\" class=\"elementor elementor-4645\">\n\t\t\t\t\t\t<section class=\"elementor-section elementor-top-section elementor-element elementor-element-566dc46c elementor-section-boxed elementor-section-height-default elementor-section-height-default\" data-id=\"566dc46c\" data-element_type=\"section\" data-e-type=\"section\">\n\t\t\t\t\t\t<div class=\"elementor-container elementor-column-gap-default\">\n\t\t\t\t\t<div class=\"elementor-column elementor-col-100 elementor-top-column elementor-element elementor-element-3365eda5\" data-id=\"3365eda5\" data-element_type=\"column\" data-e-type=\"column\">\n\t\t\t<div class=\"elementor-widget-wrap elementor-element-populated\">\n\t\t\t\t\t\t<div class=\"elementor-element elementor-element-73ae8a73 elementor-widget elementor-widget-heading\" data-id=\"73ae8a73\" data-element_type=\"widget\" data-e-type=\"widget\" data-widget_type=\"heading.default\">\n\t\t\t\t<div class=\"elementor-widget-container\">\n\t\t\t\t\t<h2 class=\"elementor-heading-title elementor-size-default\">1 journ\u00e9e pour devenir un pro des entretiens de recadrage<\/h2>\t\t\t\t<\/div>\n\t\t\t\t<\/div>\n\t\t\t\t\t<\/div>\n\t\t<\/div>\n\t\t\t\t\t<\/div>\n\t\t<\/section>\n\t\t\t\t<section class=\"elementor-section elementor-top-section elementor-element elementor-element-277a1cf4 elementor-section-boxed elementor-section-height-default elementor-section-height-default\" data-id=\"277a1cf4\" data-element_type=\"section\" data-e-type=\"section\">\n\t\t\t\t\t\t<div class=\"elementor-container elementor-column-gap-default\">\n\t\t\t\t\t<div class=\"elementor-column elementor-col-100 elementor-top-column elementor-element elementor-element-64967628\" data-id=\"64967628\" data-element_type=\"column\" data-e-type=\"column\">\n\t\t\t<div class=\"elementor-widget-wrap elementor-element-populated\">\n\t\t\t\t\t\t<div class=\"elementor-element elementor-element-2cf21205 elementor-widget elementor-widget-heading\" data-id=\"2cf21205\" data-element_type=\"widget\" data-e-type=\"widget\" data-widget_type=\"heading.default\">\n\t\t\t\t<div class=\"elementor-widget-container\">\n\t\t\t\t\t<h2 class=\"elementor-heading-title elementor-size-medium\">Ma\u00eetriser les techniques de recadrage pour am\u00e9liorer la performance des collaborateurs, renforcer la relation de confiance et instaurer une dynamique de communication constructive.<\/h2>\t\t\t\t<\/div>\n\t\t\t\t<\/div>\n\t\t\t\t\t<\/div>\n\t\t<\/div>\n\t\t\t\t\t<\/div>\n\t\t<\/section>\n\t\t\t\t<section class=\"elementor-section elementor-top-section elementor-element elementor-element-64ccc0d2 elementor-section-boxed elementor-section-height-default elementor-section-height-default\" data-id=\"64ccc0d2\" data-element_type=\"section\" data-e-type=\"section\">\n\t\t\t\t\t\t<div class=\"elementor-container elementor-column-gap-default\">\n\t\t\t\t\t<div class=\"elementor-column elementor-col-100 elementor-top-column elementor-element elementor-element-5e6fb202\" data-id=\"5e6fb202\" data-element_type=\"column\" data-e-type=\"column\">\n\t\t\t<div class=\"elementor-widget-wrap elementor-element-populated\">\n\t\t\t\t\t\t<section class=\"elementor-section elementor-inner-section elementor-element elementor-element-eed1b71 elementor-section-boxed elementor-section-height-default elementor-section-height-default\" data-id=\"eed1b71\" data-element_type=\"section\" data-e-type=\"section\">\n\t\t\t\t\t\t<div class=\"elementor-container elementor-column-gap-default\">\n\t\t\t\t\t<div class=\"elementor-column elementor-col-50 elementor-inner-column elementor-element elementor-element-433b5522\" data-id=\"433b5522\" data-element_type=\"column\" data-e-type=\"column\">\n\t\t\t<div class=\"elementor-widget-wrap elementor-element-populated\">\n\t\t\t\t\t\t<div class=\"elementor-element elementor-element-5c943ee1 elementor-widget elementor-widget-text-editor\" data-id=\"5c943ee1\" data-element_type=\"widget\" data-e-type=\"widget\" data-widget_type=\"text-editor.default\">\n\t\t\t\t<div class=\"elementor-widget-container\">\n\t\t\t\t\t\t\t\t\t<h3>Recadrer un collaborateur, cela vous met mal \u00e0 l\u2019aise ?<\/h3><h3>Vous pr\u00e9f\u00e9rez parfois laisser tomber pour ne pas risquer un conflit ? Vous avez peur de d\u00e9motiver votre \u00e9quipe ?<\/h3><h3><strong>Apprenez \u00e0 ma\u00eetriser les techniques de recadrage pour am\u00e9liorer la performance des collaborateurs, renforcer la relation de confiance et instaurer une dynamique de communication constructive !<\/strong><\/h3>\t\t\t\t\t\t\t\t<\/div>\n\t\t\t\t<\/div>\n\t\t\t\t<div class=\"elementor-element elementor-element-7e7a2b3d elementor-align-center elementor-widget elementor-widget-button\" data-id=\"7e7a2b3d\" data-element_type=\"widget\" data-e-type=\"widget\" data-widget_type=\"button.default\">\n\t\t\t\t<div class=\"elementor-widget-container\">\n\t\t\t\t\t\t\t\t\t<div class=\"elementor-button-wrapper\">\n\t\t\t\t\t<a class=\"elementor-button elementor-button-link elementor-size-lg\" href=\"https:\/\/isabellerecloux.be\/index.php\/contact\/\">\n\t\t\t\t\t\t<span class=\"elementor-button-content-wrapper\">\n\t\t\t\t\t\t\t\t\t<span class=\"elementor-button-text\">Cette formation m'int\u00e9resse !<\/span>\n\t\t\t\t\t<\/span>\n\t\t\t\t\t<\/a>\n\t\t\t\t<\/div>\n\t\t\t\t\t\t\t\t<\/div>\n\t\t\t\t<\/div>\n\t\t\t\t\t<\/div>\n\t\t<\/div>\n\t\t\t\t<div class=\"elementor-column elementor-col-50 elementor-inner-column elementor-element elementor-element-64e07325\" data-id=\"64e07325\" data-element_type=\"column\" data-e-type=\"column\">\n\t\t\t<div class=\"elementor-widget-wrap elementor-element-populated\">\n\t\t\t\t\t\t<div class=\"elementor-element elementor-element-7b5c0415 elementor-widget elementor-widget-image\" data-id=\"7b5c0415\" data-element_type=\"widget\" data-e-type=\"widget\" data-widget_type=\"image.default\">\n\t\t\t\t<div class=\"elementor-widget-container\">\n\t\t\t\t\t\t\t\t\t\t\t\t\t\t\t<img decoding=\"async\" width=\"1\" height=\"1\" src=\"https:\/\/isabellerecloux.be\/wp-content\/uploads\/2026\/03\/pexels-ekaterina-bolovtsova-4049961.jpg\" class=\"attachment-large size-large wp-image-4664\" alt=\"recadrage entretien\" \/>\t\t\t\t\t\t\t\t\t\t\t\t\t\t\t<\/div>\n\t\t\t\t<\/div>\n\t\t\t\t\t<\/div>\n\t\t<\/div>\n\t\t\t\t\t<\/div>\n\t\t<\/section>\n\t\t\t\t\t<\/div>\n\t\t<\/div>\n\t\t\t\t\t<\/div>\n\t\t<\/section>\n\t\t\t\t<section class=\"elementor-section elementor-top-section elementor-element elementor-element-1944b6be elementor-section-boxed elementor-section-height-default elementor-section-height-default\" data-id=\"1944b6be\" data-element_type=\"section\" data-e-type=\"section\">\n\t\t\t\t\t\t<div class=\"elementor-container elementor-column-gap-default\">\n\t\t\t\t\t<div class=\"elementor-column elementor-col-100 elementor-top-column elementor-element elementor-element-7e6a7abd\" data-id=\"7e6a7abd\" data-element_type=\"column\" data-e-type=\"column\">\n\t\t\t<div class=\"elementor-widget-wrap elementor-element-populated\">\n\t\t\t\t\t\t<div class=\"elementor-element elementor-element-f3aeced elementor-widget elementor-widget-spacer\" data-id=\"f3aeced\" data-element_type=\"widget\" data-e-type=\"widget\" data-widget_type=\"spacer.default\">\n\t\t\t\t<div class=\"elementor-widget-container\">\n\t\t\t\t\t\t\t<div class=\"elementor-spacer\">\n\t\t\t<div class=\"elementor-spacer-inner\"><\/div>\n\t\t<\/div>\n\t\t\t\t\t\t<\/div>\n\t\t\t\t<\/div>\n\t\t\t\t\t<\/div>\n\t\t<\/div>\n\t\t\t\t\t<\/div>\n\t\t<\/section>\n\t\t\t\t<section class=\"elementor-section elementor-top-section elementor-element elementor-element-40983d7e elementor-section-boxed elementor-section-height-default elementor-section-height-default\" data-id=\"40983d7e\" data-element_type=\"section\" data-e-type=\"section\">\n\t\t\t\t\t\t<div class=\"elementor-container elementor-column-gap-default\">\n\t\t\t\t\t<div class=\"elementor-column elementor-col-100 elementor-top-column elementor-element elementor-element-bbefdb9\" data-id=\"bbefdb9\" data-element_type=\"column\" data-e-type=\"column\">\n\t\t\t<div class=\"elementor-widget-wrap elementor-element-populated\">\n\t\t\t\t\t\t<div class=\"elementor-element elementor-element-715c0943 elementor-widget elementor-widget-heading\" data-id=\"715c0943\" data-element_type=\"widget\" data-e-type=\"widget\" data-widget_type=\"heading.default\">\n\t\t\t\t<div class=\"elementor-widget-container\">\n\t\t\t\t\t<h2 class=\"elementor-heading-title elementor-size-default\">Objectifs de la formation<\/h2>\t\t\t\t<\/div>\n\t\t\t\t<\/div>\n\t\t\t\t\t<\/div>\n\t\t<\/div>\n\t\t\t\t\t<\/div>\n\t\t<\/section>\n\t\t\t\t<section class=\"elementor-section elementor-top-section elementor-element elementor-element-c1e2fb3 elementor-section-boxed elementor-section-height-default elementor-section-height-default\" data-id=\"c1e2fb3\" data-element_type=\"section\" data-e-type=\"section\">\n\t\t\t\t\t\t<div class=\"elementor-container elementor-column-gap-default\">\n\t\t\t\t\t<div class=\"elementor-column elementor-col-100 elementor-top-column elementor-element elementor-element-2ec82b08\" data-id=\"2ec82b08\" data-element_type=\"column\" data-e-type=\"column\">\n\t\t\t<div class=\"elementor-widget-wrap elementor-element-populated\">\n\t\t\t\t\t\t<div class=\"elementor-element elementor-element-2a2bb1d5 elementor-widget__width-inherit elementor-widget elementor-widget-text-editor\" data-id=\"2a2bb1d5\" data-element_type=\"widget\" data-e-type=\"widget\" data-widget_type=\"text-editor.default\">\n\t\t\t\t<div class=\"elementor-widget-container\">\n\t\t\t\t\t\t\t\t\t<p><span style=\"background-color: var(--wp--preset--color--background); color: var(--wp--preset--color--boulder); font-family: var(--wp--preset--font-family--inter); font-size: var(--wp--preset--font-size--normal); font-weight: var(--wp--custom--typography--font-weight--normal);\">Cette formation vous permettra de :<\/span><\/p><ul><li>Comprendre le r\u00f4le et l\u2019importance du recadrage<\/li><li>Vous initier ou vous perfectionner aux entretiens de recadrage<\/li><li>Pr\u00e9parer et mener vos entretiens de fa\u00e7on professionnelle, efficace, assertive et constructive<\/li><li>Am\u00e9liorer l&rsquo;engagement et les performances de vos collaborateurs<\/li><li>D\u00e9velopper votre posture de leader dans la conduite de vos entretiens\u00a0<\/li><li>Booster vos comp\u00e9tences manag\u00e9riales et les mettre en pratique<\/li><\/ul>\t\t\t\t\t\t\t\t<\/div>\n\t\t\t\t<\/div>\n\t\t\t\t\t<\/div>\n\t\t<\/div>\n\t\t\t\t\t<\/div>\n\t\t<\/section>\n\t\t\t\t<section class=\"elementor-section elementor-top-section elementor-element elementor-element-47488c4b elementor-section-boxed elementor-section-height-default elementor-section-height-default\" data-id=\"47488c4b\" data-element_type=\"section\" data-e-type=\"section\">\n\t\t\t\t\t\t<div class=\"elementor-container elementor-column-gap-default\">\n\t\t\t\t\t<div class=\"elementor-column elementor-col-100 elementor-top-column elementor-element elementor-element-3bde1937\" data-id=\"3bde1937\" data-element_type=\"column\" data-e-type=\"column\">\n\t\t\t<div class=\"elementor-widget-wrap elementor-element-populated\">\n\t\t\t\t\t\t<div class=\"elementor-element elementor-element-48135737 elementor-widget elementor-widget-spacer\" data-id=\"48135737\" data-element_type=\"widget\" data-e-type=\"widget\" data-widget_type=\"spacer.default\">\n\t\t\t\t<div class=\"elementor-widget-container\">\n\t\t\t\t\t\t\t<div class=\"elementor-spacer\">\n\t\t\t<div class=\"elementor-spacer-inner\"><\/div>\n\t\t<\/div>\n\t\t\t\t\t\t<\/div>\n\t\t\t\t<\/div>\n\t\t\t\t\t<\/div>\n\t\t<\/div>\n\t\t\t\t\t<\/div>\n\t\t<\/section>\n\t\t\t\t<section class=\"elementor-section elementor-top-section elementor-element elementor-element-5d79f516 elementor-section-boxed elementor-section-height-default elementor-section-height-default\" data-id=\"5d79f516\" data-element_type=\"section\" data-e-type=\"section\">\n\t\t\t\t\t\t<div class=\"elementor-container elementor-column-gap-default\">\n\t\t\t\t\t<div class=\"elementor-column elementor-col-100 elementor-top-column elementor-element elementor-element-7e381133\" data-id=\"7e381133\" data-element_type=\"column\" data-e-type=\"column\">\n\t\t\t<div class=\"elementor-widget-wrap elementor-element-populated\">\n\t\t\t\t\t\t<div class=\"elementor-element elementor-element-2ea2e93d elementor-widget elementor-widget-heading\" data-id=\"2ea2e93d\" data-element_type=\"widget\" data-e-type=\"widget\" data-widget_type=\"heading.default\">\n\t\t\t\t<div class=\"elementor-widget-container\">\n\t\t\t\t\t<h2 class=\"elementor-heading-title elementor-size-default\">Programme<\/h2>\t\t\t\t<\/div>\n\t\t\t\t<\/div>\n\t\t\t\t\t<\/div>\n\t\t<\/div>\n\t\t\t\t\t<\/div>\n\t\t<\/section>\n\t\t\t\t<section class=\"elementor-section elementor-top-section elementor-element elementor-element-687d8ccd elementor-section-boxed elementor-section-height-default elementor-section-height-default\" data-id=\"687d8ccd\" data-element_type=\"section\" data-e-type=\"section\">\n\t\t\t\t\t\t<div class=\"elementor-container elementor-column-gap-default\">\n\t\t\t\t\t<div class=\"elementor-column elementor-col-100 elementor-top-column elementor-element elementor-element-51a32f19\" data-id=\"51a32f19\" data-element_type=\"column\" data-e-type=\"column\">\n\t\t\t<div class=\"elementor-widget-wrap elementor-element-populated\">\n\t\t\t\t\t\t<div class=\"elementor-element elementor-element-6e0b9560 elementor-widget__width-inherit elementor-widget elementor-widget-text-editor\" data-id=\"6e0b9560\" data-element_type=\"widget\" data-e-type=\"widget\" data-widget_type=\"text-editor.default\">\n\t\t\t\t<div class=\"elementor-widget-container\">\n\t\t\t\t\t\t\t\t\t<p class=\"cvGsUA direction-ltr align-start para-style-body\"><strong><span class=\"a_GcMg font-feature-liga-off font-feature-clig-off font-feature-calt-off text-decoration-none text-strikethrough-none\">Introduction \u00e0 l\u2019entretien de recadrage<\/span><\/strong><\/p><ul><li><span class=\"a_GcMg font-feature-liga-off font-feature-clig-off font-feature-calt-off text-decoration-none text-strikethrough-none\">Recadrer, qu&rsquo;est-ce que c&rsquo;est ?<\/span><\/li><li><span class=\"a_GcMg font-feature-liga-off font-feature-clig-off font-feature-calt-off text-decoration-none text-strikethrough-none\">Distinguer recadrage et sanction<\/span><\/li><li><span class=\"a_GcMg font-feature-liga-off font-feature-clig-off font-feature-calt-off text-decoration-none text-strikethrough-none\">Les objectifs d\u2019un recadrage r\u00e9ussi<\/span><\/li><li><span class=\"a_GcMg font-feature-liga-off font-feature-clig-off font-feature-calt-off text-decoration-none text-strikethrough-none\">Quand dois-je recadrer ?<\/span><\/li><li><span class=\"a_GcMg font-feature-liga-off font-feature-clig-off font-feature-calt-off text-decoration-none text-strikethrough-none\">Les erreurs \u00e0 \u00e9viter<\/span><\/li><\/ul><p class=\"cvGsUA direction-ltr align-start para-style-body\"><strong><span class=\"a_GcMg font-feature-liga-off font-feature-clig-off font-feature-calt-off text-decoration-none text-strikethrough-none\">Pr\u00e9paration de l\u2019entretien de recadrage<\/span><\/strong><\/p><ul><li><span class=\"a_GcMg font-feature-liga-off font-feature-clig-off font-feature-calt-off text-decoration-none text-strikethrough-none\">Les \u00e9tapes de pr\u00e9paration : d\u00e9finir les faits, les objectifs, et anticiper les r\u00e9actions<\/span><\/li><li><span class=\"a_GcMg font-feature-liga-off font-feature-clig-off font-feature-calt-off text-decoration-none text-strikethrough-none\">Identifier les comportements \u00e0 recadrer et les faits concrets<\/span><\/li><li><span class=\"a_GcMg font-feature-liga-off font-feature-clig-off font-feature-calt-off text-decoration-none text-strikethrough-none\">La collecte d&rsquo;informations et l&rsquo;importance des preuves<\/span><\/li><li><span class=\"a_GcMg font-feature-liga-off font-feature-clig-off font-feature-calt-off text-decoration-none text-strikethrough-none\">Les techniques d\u2019\u00e9coute active et d\u2019empathie<\/span><\/li><\/ul><p class=\"cvGsUA direction-ltr align-start para-style-body\"><strong><span class=\"a_GcMg font-feature-liga-off font-feature-clig-off font-feature-calt-off text-decoration-none text-strikethrough-none\">Pr\u00e9paration mentale au recadrage<\/span><\/strong><\/p><ul><li><span class=\"a_GcMg font-feature-liga-off font-feature-clig-off font-feature-calt-off text-decoration-none text-strikethrough-none\">Pourquoi appr\u00e9hende-t-on le recadrage ?<\/span><\/li><li><span class=\"a_GcMg font-feature-liga-off font-feature-clig-off font-feature-calt-off text-decoration-none text-strikethrough-none\">Vous pr\u00e9parer pour faire baisser le niveau de stress<\/span><\/li><\/ul><p class=\"cvGsUA direction-ltr align-start para-style-body\"><strong><span class=\"a_GcMg font-feature-liga-off font-feature-clig-off font-feature-calt-off text-decoration-none text-strikethrough-none\">Conduite de l\u2019entretien de recadrage<\/span><\/strong><\/p><ul><li><span class=\"a_GcMg font-feature-liga-off font-feature-clig-off font-feature-calt-off text-decoration-none text-strikethrough-none\">Les \u00e9tapes cl\u00e9s : accueil, formulation du constat, \u00e9coute, recherche de solutions, engagement, cl\u00f4ture<\/span><\/li><li><span class=\"a_GcMg font-feature-liga-off font-feature-clig-off font-feature-calt-off text-decoration-none text-strikethrough-none\">Techniques de communication assertive : la m\u00e9thode DESC, questionnement et reformulation<\/span><\/li><li><span class=\"a_GcMg font-feature-liga-off font-feature-clig-off font-feature-calt-off text-decoration-none text-strikethrough-none\">Comment g\u00e9rer les \u00e9motions et les r\u00e9sistances<\/span><\/li><\/ul><p class=\"cvGsUA direction-ltr align-start para-style-body\"><strong><span class=\"a_GcMg font-feature-liga-off font-feature-clig-off font-feature-calt-off text-decoration-none text-strikethrough-none\">Suivi et \u00e9valuation de l\u2019entretien de recadrage<\/span><\/strong><\/p><ul><li><span class=\"a_GcMg font-feature-liga-off font-feature-clig-off font-feature-calt-off text-decoration-none text-strikethrough-none\">D\u00e9finir des objectifs SMART<\/span><\/li><li><span class=\"a_GcMg font-feature-liga-off font-feature-clig-off font-feature-calt-off text-decoration-none text-strikethrough-none\">Co-construire un plan d\u2019action et \u00e9valuer l\u2019efficacit\u00e9 du recadrage<\/span><\/li><li><span class=\"a_GcMg font-feature-liga-off font-feature-clig-off font-feature-calt-off text-decoration-none text-strikethrough-none\">Comment formaliser les engagements pris lors de l\u2019entretien<\/span><\/li><li><span class=\"a_GcMg font-feature-liga-off font-feature-clig-off font-feature-calt-off text-decoration-none text-strikethrough-none\">Le r\u00f4le du manager dans le suivi des progr\u00e8s<\/span><\/li><li><span class=\"a_GcMg font-feature-liga-off font-feature-clig-off font-feature-calt-off text-decoration-none text-strikethrough-none\">Comment adapter son style de management en fonction de la situation<\/span><\/li><\/ul><p class=\"cvGsUA direction-ltr align-start para-style-body\"><strong><span class=\"a_GcMg font-feature-liga-off font-feature-clig-off font-feature-calt-off text-decoration-none text-strikethrough-none\">Faire face \u00e0 aux situations difficiles<\/span><\/strong><\/p><ul><li><span class=\"a_GcMg font-feature-liga-off font-feature-clig-off font-feature-calt-off text-decoration-none text-strikethrough-none\">Comportements n\u00e9gatifs<\/span><\/li><li><span class=\"a_GcMg font-feature-liga-off font-feature-clig-off font-feature-calt-off text-decoration-none text-strikethrough-none\">D\u00e9saccords<\/span><\/li><li><span class=\"a_GcMg font-feature-liga-off font-feature-clig-off font-feature-calt-off text-decoration-none text-strikethrough-none\">Fuites\u2026<\/span><\/li><li>Et si \u00e7a ne fonctionne pas ?<\/li><\/ul><p class=\"cvGsUA direction-ltr align-start para-style-body\"><span class=\"a_GcMg font-feature-liga-off font-feature-clig-off font-feature-calt-off text-decoration-none text-strikethrough-none\">Passage \u00e0 l\u2019action <\/span><span class=\"a_GcMg font-feature-liga-off font-feature-clig-off font-feature-calt-off text-decoration-none text-strikethrough-none\">\u2013&gt; Pr\u00e9paration de votre plan d\u2019actions<\/span><\/p><p class=\"cvGsUA direction-ltr align-start para-style-body\"><span class=\"a_GcMg font-feature-liga-off font-feature-clig-off font-feature-calt-off text-decoration-none text-strikethrough-none\">Mises en situation et application des nouvelles comp\u00e9tences acquises<\/span><\/p>\t\t\t\t\t\t\t\t<\/div>\n\t\t\t\t<\/div>\n\t\t\t\t\t<\/div>\n\t\t<\/div>\n\t\t\t\t\t<\/div>\n\t\t<\/section>\n\t\t\t\t<section class=\"elementor-section elementor-top-section elementor-element elementor-element-61108d35 elementor-section-boxed elementor-section-height-default elementor-section-height-default\" data-id=\"61108d35\" data-element_type=\"section\" data-e-type=\"section\">\n\t\t\t\t\t\t<div class=\"elementor-container elementor-column-gap-default\">\n\t\t\t\t\t<div class=\"elementor-column elementor-col-100 elementor-top-column elementor-element elementor-element-58ba7645\" data-id=\"58ba7645\" data-element_type=\"column\" data-e-type=\"column\">\n\t\t\t<div class=\"elementor-widget-wrap elementor-element-populated\">\n\t\t\t\t\t\t<div class=\"elementor-element elementor-element-402d31ba elementor-widget elementor-widget-spacer\" data-id=\"402d31ba\" data-element_type=\"widget\" data-e-type=\"widget\" data-widget_type=\"spacer.default\">\n\t\t\t\t<div class=\"elementor-widget-container\">\n\t\t\t\t\t\t\t<div class=\"elementor-spacer\">\n\t\t\t<div class=\"elementor-spacer-inner\"><\/div>\n\t\t<\/div>\n\t\t\t\t\t\t<\/div>\n\t\t\t\t<\/div>\n\t\t\t\t\t<\/div>\n\t\t<\/div>\n\t\t\t\t\t<\/div>\n\t\t<\/section>\n\t\t\t\t<section class=\"elementor-section elementor-top-section elementor-element elementor-element-69408172 elementor-section-boxed elementor-section-height-default elementor-section-height-default\" data-id=\"69408172\" data-element_type=\"section\" data-e-type=\"section\">\n\t\t\t\t\t\t<div class=\"elementor-container elementor-column-gap-default\">\n\t\t\t\t\t<div class=\"elementor-column elementor-col-100 elementor-top-column elementor-element elementor-element-4a7d587e\" data-id=\"4a7d587e\" data-element_type=\"column\" data-e-type=\"column\">\n\t\t\t<div class=\"elementor-widget-wrap elementor-element-populated\">\n\t\t\t\t\t\t<div class=\"elementor-element elementor-element-3959524a elementor-widget elementor-widget-heading\" data-id=\"3959524a\" data-element_type=\"widget\" data-e-type=\"widget\" data-widget_type=\"heading.default\">\n\t\t\t\t<div class=\"elementor-widget-container\">\n\t\t\t\t\t<h2 class=\"elementor-heading-title elementor-size-default\">Avantages pour votre organisation<\/h2>\t\t\t\t<\/div>\n\t\t\t\t<\/div>\n\t\t\t\t\t<\/div>\n\t\t<\/div>\n\t\t\t\t\t<\/div>\n\t\t<\/section>\n\t\t\t\t<section class=\"elementor-section elementor-top-section elementor-element elementor-element-4f2298bd elementor-section-boxed elementor-section-height-default elementor-section-height-default\" data-id=\"4f2298bd\" data-element_type=\"section\" data-e-type=\"section\">\n\t\t\t\t\t\t<div class=\"elementor-container elementor-column-gap-default\">\n\t\t\t\t\t<div class=\"elementor-column elementor-col-100 elementor-top-column elementor-element elementor-element-14817fcc\" data-id=\"14817fcc\" data-element_type=\"column\" data-e-type=\"column\">\n\t\t\t<div class=\"elementor-widget-wrap elementor-element-populated\">\n\t\t\t\t\t\t<div class=\"elementor-element elementor-element-266698dd elementor-widget elementor-widget-text-editor\" data-id=\"266698dd\" data-element_type=\"widget\" data-e-type=\"widget\" data-widget_type=\"text-editor.default\">\n\t\t\t\t<div class=\"elementor-widget-container\">\n\t\t\t\t\t\t\t\t\t<ul><li>Vous savez mener des entretiens de recadrage constructifs, en renfor\u00e7ant l&rsquo;engagement de vos collaborateurs.trices<\/li><li>Vos collaborateurs\u00a0<span class=\"\">per\u00e7oivent<\/span> ce moment <span class=\"\">comme une opportunit\u00e9<\/span> de progression et <span class=\"evidence\">plus comme une punition<\/span>\u00a0<\/li><li>Votre organisation peut compter sur des managers plus confiants, qui d\u00e9veloppent mieux leurs comp\u00e9tences, et des \u00e9quipes plus engag\u00e9es\u00a0<\/li><\/ul>\t\t\t\t\t\t\t\t<\/div>\n\t\t\t\t<\/div>\n\t\t\t\t\t<\/div>\n\t\t<\/div>\n\t\t\t\t\t<\/div>\n\t\t<\/section>\n\t\t\t\t<section class=\"elementor-section elementor-top-section elementor-element elementor-element-1228b8e8 elementor-section-boxed elementor-section-height-default elementor-section-height-default\" data-id=\"1228b8e8\" data-element_type=\"section\" data-e-type=\"section\">\n\t\t\t\t\t\t<div class=\"elementor-container elementor-column-gap-default\">\n\t\t\t\t\t<div class=\"elementor-column elementor-col-100 elementor-top-column elementor-element elementor-element-66bda92e\" data-id=\"66bda92e\" data-element_type=\"column\" data-e-type=\"column\">\n\t\t\t<div class=\"elementor-widget-wrap elementor-element-populated\">\n\t\t\t\t\t\t<div class=\"elementor-element elementor-element-2c85f636 elementor-widget elementor-widget-spacer\" data-id=\"2c85f636\" data-element_type=\"widget\" data-e-type=\"widget\" data-widget_type=\"spacer.default\">\n\t\t\t\t<div class=\"elementor-widget-container\">\n\t\t\t\t\t\t\t<div class=\"elementor-spacer\">\n\t\t\t<div class=\"elementor-spacer-inner\"><\/div>\n\t\t<\/div>\n\t\t\t\t\t\t<\/div>\n\t\t\t\t<\/div>\n\t\t\t\t\t<\/div>\n\t\t<\/div>\n\t\t\t\t\t<\/div>\n\t\t<\/section>\n\t\t\t\t<section class=\"elementor-section elementor-top-section elementor-element elementor-element-b758c46 elementor-section-boxed elementor-section-height-default elementor-section-height-default\" data-id=\"b758c46\" data-element_type=\"section\" data-e-type=\"section\">\n\t\t\t\t\t\t<div class=\"elementor-container elementor-column-gap-default\">\n\t\t\t\t\t<div class=\"elementor-column elementor-col-100 elementor-top-column elementor-element elementor-element-28f8e6ef\" data-id=\"28f8e6ef\" data-element_type=\"column\" data-e-type=\"column\">\n\t\t\t<div class=\"elementor-widget-wrap elementor-element-populated\">\n\t\t\t\t\t\t<div class=\"elementor-element elementor-element-2d22cc25 elementor-widget__width-inherit elementor-widget elementor-widget-heading\" data-id=\"2d22cc25\" data-element_type=\"widget\" data-e-type=\"widget\" data-widget_type=\"heading.default\">\n\t\t\t\t<div class=\"elementor-widget-container\">\n\t\t\t\t\t<h2 class=\"elementor-heading-title elementor-size-default\">Informations pratiques<\/h2>\t\t\t\t<\/div>\n\t\t\t\t<\/div>\n\t\t\t\t\t<\/div>\n\t\t<\/div>\n\t\t\t\t\t<\/div>\n\t\t<\/section>\n\t\t\t\t<section class=\"elementor-section elementor-top-section elementor-element elementor-element-5d36d2bc elementor-section-full_width elementor-section-height-default elementor-section-height-default\" data-id=\"5d36d2bc\" data-element_type=\"section\" data-e-type=\"section\">\n\t\t\t\t\t\t<div class=\"elementor-container elementor-column-gap-default\">\n\t\t\t\t\t<div class=\"elementor-column elementor-col-100 elementor-top-column elementor-element elementor-element-30ee3ee\" data-id=\"30ee3ee\" data-element_type=\"column\" data-e-type=\"column\">\n\t\t\t<div class=\"elementor-widget-wrap elementor-element-populated\">\n\t\t\t\t\t\t<section class=\"elementor-section elementor-inner-section elementor-element elementor-element-64b7c9ff elementor-section-boxed elementor-section-height-default elementor-section-height-default\" data-id=\"64b7c9ff\" data-element_type=\"section\" data-e-type=\"section\">\n\t\t\t\t\t\t<div class=\"elementor-container elementor-column-gap-default\">\n\t\t\t\t\t<div class=\"elementor-column elementor-col-50 elementor-inner-column elementor-element elementor-element-25371e25\" data-id=\"25371e25\" data-element_type=\"column\" data-e-type=\"column\">\n\t\t\t<div class=\"elementor-widget-wrap elementor-element-populated\">\n\t\t\t\t\t\t<div class=\"elementor-element elementor-element-1f77b424 elementor-widget elementor-widget-text-editor\" data-id=\"1f77b424\" data-element_type=\"widget\" data-e-type=\"widget\" data-widget_type=\"text-editor.default\">\n\t\t\t\t<div class=\"elementor-widget-container\">\n\t\t\t\t\t\t\t\t\t<p>Pour qui ? Toute personne amen\u00e9e \u00e0 g\u00e9rer des collaborateurs<\/p><p>Dur\u00e9e : 1 journ\u00e9e<\/p><p>Format : Pr\u00e9sentiel<\/p><p>Pr\u00e9requis : Aucun<\/p>\t\t\t\t\t\t\t\t<\/div>\n\t\t\t\t<\/div>\n\t\t\t\t\t<\/div>\n\t\t<\/div>\n\t\t\t\t<div class=\"elementor-column elementor-col-50 elementor-inner-column elementor-element elementor-element-5aa69b76\" data-id=\"5aa69b76\" data-element_type=\"column\" data-e-type=\"column\">\n\t\t\t<div class=\"elementor-widget-wrap elementor-element-populated\">\n\t\t\t\t\t\t<div class=\"elementor-element elementor-element-c735652 elementor-widget__width-initial elementor-widget elementor-widget-text-editor\" data-id=\"c735652\" data-element_type=\"widget\" data-e-type=\"widget\" data-widget_type=\"text-editor.default\">\n\t\t\t\t<div class=\"elementor-widget-container\">\n\t\t\t\t\t\t\t\t\t<p>Horaire : 9h &#8211; 16h<\/p><p>Tarifs : sur demande<\/p><p>Lieux : Cette formation peut \u00eatre organis\u00e9e en intra-entreprise, en inter-entreprise ou sur-mesure<\/p>\t\t\t\t\t\t\t\t<\/div>\n\t\t\t\t<\/div>\n\t\t\t\t\t<\/div>\n\t\t<\/div>\n\t\t\t\t\t<\/div>\n\t\t<\/section>\n\t\t\t\t\t<\/div>\n\t\t<\/div>\n\t\t\t\t\t<\/div>\n\t\t<\/section>\n\t\t\t\t<section class=\"elementor-section elementor-top-section elementor-element elementor-element-629b8346 elementor-section-boxed elementor-section-height-default elementor-section-height-default\" data-id=\"629b8346\" data-element_type=\"section\" data-e-type=\"section\">\n\t\t\t\t\t\t<div class=\"elementor-container elementor-column-gap-default\">\n\t\t\t\t\t<div class=\"elementor-column elementor-col-100 elementor-top-column elementor-element elementor-element-603d5099\" data-id=\"603d5099\" data-element_type=\"column\" data-e-type=\"column\">\n\t\t\t<div class=\"elementor-widget-wrap elementor-element-populated\">\n\t\t\t\t\t\t<div class=\"elementor-element elementor-element-73618083 elementor-widget elementor-widget-spacer\" data-id=\"73618083\" data-element_type=\"widget\" data-e-type=\"widget\" data-widget_type=\"spacer.default\">\n\t\t\t\t<div class=\"elementor-widget-container\">\n\t\t\t\t\t\t\t<div class=\"elementor-spacer\">\n\t\t\t<div class=\"elementor-spacer-inner\"><\/div>\n\t\t<\/div>\n\t\t\t\t\t\t<\/div>\n\t\t\t\t<\/div>\n\t\t\t\t\t<\/div>\n\t\t<\/div>\n\t\t\t\t\t<\/div>\n\t\t<\/section>\n\t\t\t\t<section class=\"elementor-section elementor-top-section elementor-element elementor-element-3e1544e7 elementor-section-boxed elementor-section-height-default elementor-section-height-default\" data-id=\"3e1544e7\" data-element_type=\"section\" data-e-type=\"section\">\n\t\t\t\t\t\t<div class=\"elementor-container elementor-column-gap-default\">\n\t\t\t\t\t<div class=\"elementor-column elementor-col-100 elementor-top-column elementor-element elementor-element-26c35427\" data-id=\"26c35427\" data-element_type=\"column\" data-e-type=\"column\">\n\t\t\t<div class=\"elementor-widget-wrap elementor-element-populated\">\n\t\t\t\t\t\t<div class=\"elementor-element elementor-element-71828fde elementor-align-center elementor-widget elementor-widget-button\" data-id=\"71828fde\" data-element_type=\"widget\" data-e-type=\"widget\" data-widget_type=\"button.default\">\n\t\t\t\t<div class=\"elementor-widget-container\">\n\t\t\t\t\t\t\t\t\t<div class=\"elementor-button-wrapper\">\n\t\t\t\t\t<a class=\"elementor-button elementor-button-link elementor-size-xl\" href=\"https:\/\/isabellerecloux.be\/index.php\/contact\/\">\n\t\t\t\t\t\t<span class=\"elementor-button-content-wrapper\">\n\t\t\t\t\t\t\t\t\t<span class=\"elementor-button-text\">Cette formation m'int\u00e9resse !<\/span>\n\t\t\t\t\t<\/span>\n\t\t\t\t\t<\/a>\n\t\t\t\t<\/div>\n\t\t\t\t\t\t\t\t<\/div>\n\t\t\t\t<\/div>\n\t\t\t\t\t<\/div>\n\t\t<\/div>\n\t\t\t\t\t<\/div>\n\t\t<\/section>\n\t\t\t\t<\/div>\n\t\t","protected":false},"excerpt":{"rendered":"<p>1 journ\u00e9e pour devenir un pro des entretiens de recadrage Ma\u00eetriser les techniques de recadrage pour am\u00e9liorer la performance des collaborateurs, renforcer la relation de confiance et instaurer une dynamique de communication constructive. Recadrer un collaborateur, cela vous met mal \u00e0 l\u2019aise ? Vous pr\u00e9f\u00e9rez parfois laisser tomber pour ne [&hellip;]<\/p>\n","protected":false},"author":1,"featured_media":4664,"parent":0,"menu_order":0,"comment_status":"closed","ping_status":"closed","template":"","meta":{"_monsterinsights_skip_tracking":false,"_monsterinsights_sitenote_active":false,"_monsterinsights_sitenote_note":"","_monsterinsights_sitenote_category":0,"footnotes":""},"class_list":["post-4645","page","type-page","status-publish","has-post-thumbnail","hentry"],"mb":[],"yoast_head":"<!-- This site is optimized with the Yoast SEO plugin v27.5 - https:\/\/yoast.com\/product\/yoast-seo-wordpress\/ -->\n<title>Le recadrage : mode d&#039;emploi - Isabelle Recloux Management<\/title>\n<meta name=\"description\" content=\"formation Le recadrage : mode d&#039;emploi communication management binche\" \/>\n<meta name=\"robots\" content=\"index, follow, max-snippet:-1, max-image-preview:large, max-video-preview:-1\" \/>\n<link rel=\"canonical\" href=\"https:\/\/isabellerecloux.be\/index.php\/le-recadrage-mode-demploi\/\" \/>\n<meta property=\"og:locale\" content=\"fr_FR\" \/>\n<meta property=\"og:type\" content=\"article\" \/>\n<meta property=\"og:title\" content=\"Le recadrage : mode d&#039;emploi - Isabelle Recloux Management\" \/>\n<meta property=\"og:description\" content=\"formation Le recadrage : mode d&#039;emploi communication management binche\" \/>\n<meta property=\"og:url\" content=\"https:\/\/isabellerecloux.be\/index.php\/le-recadrage-mode-demploi\/\" \/>\n<meta property=\"og:site_name\" content=\"Isabelle Recloux Management\" \/>\n<meta property=\"article:publisher\" content=\"https:\/\/facebook.com\/isabellereclouxmanagement\" \/>\n<meta property=\"article:modified_time\" content=\"2026-03-05T14:09:34+00:00\" \/>\n<meta property=\"og:image\" content=\"https:\/\/isabellerecloux.be\/wp-content\/uploads\/2026\/03\/pexels-ekaterina-bolovtsova-4049961.jpg\" \/>\n\t<meta property=\"og:image:width\" content=\"1\" \/>\n\t<meta property=\"og:image:height\" content=\"1\" \/>\n\t<meta property=\"og:image:type\" content=\"image\/jpeg\" \/>\n<meta name=\"twitter:card\" content=\"summary_large_image\" \/>\n<meta name=\"twitter:label1\" content=\"Dur\u00e9e de lecture estim\u00e9e\" \/>\n\t<meta name=\"twitter:data1\" content=\"3 minutes\" \/>\n<script type=\"application\/ld+json\" class=\"yoast-schema-graph\">{\"@context\":\"https:\\\/\\\/schema.org\",\"@graph\":[{\"@type\":\"WebPage\",\"@id\":\"https:\\\/\\\/isabellerecloux.be\\\/index.php\\\/le-recadrage-mode-demploi\\\/\",\"url\":\"https:\\\/\\\/isabellerecloux.be\\\/index.php\\\/le-recadrage-mode-demploi\\\/\",\"name\":\"Le recadrage : mode d'emploi - Isabelle Recloux Management\",\"isPartOf\":{\"@id\":\"https:\\\/\\\/isabellerecloux.be\\\/#website\"},\"primaryImageOfPage\":{\"@id\":\"https:\\\/\\\/isabellerecloux.be\\\/index.php\\\/le-recadrage-mode-demploi\\\/#primaryimage\"},\"image\":{\"@id\":\"https:\\\/\\\/isabellerecloux.be\\\/index.php\\\/le-recadrage-mode-demploi\\\/#primaryimage\"},\"thumbnailUrl\":\"https:\\\/\\\/isabellerecloux.be\\\/wp-content\\\/uploads\\\/2026\\\/03\\\/pexels-ekaterina-bolovtsova-4049961.jpg\",\"datePublished\":\"2026-03-05T11:25:44+00:00\",\"dateModified\":\"2026-03-05T14:09:34+00:00\",\"description\":\"formation Le recadrage : mode d'emploi communication management binche\",\"breadcrumb\":{\"@id\":\"https:\\\/\\\/isabellerecloux.be\\\/index.php\\\/le-recadrage-mode-demploi\\\/#breadcrumb\"},\"inLanguage\":\"fr-FR\",\"potentialAction\":[{\"@type\":\"ReadAction\",\"target\":[\"https:\\\/\\\/isabellerecloux.be\\\/index.php\\\/le-recadrage-mode-demploi\\\/\"]}]},{\"@type\":\"ImageObject\",\"inLanguage\":\"fr-FR\",\"@id\":\"https:\\\/\\\/isabellerecloux.be\\\/index.php\\\/le-recadrage-mode-demploi\\\/#primaryimage\",\"url\":\"https:\\\/\\\/isabellerecloux.be\\\/wp-content\\\/uploads\\\/2026\\\/03\\\/pexels-ekaterina-bolovtsova-4049961.jpg\",\"contentUrl\":\"https:\\\/\\\/isabellerecloux.be\\\/wp-content\\\/uploads\\\/2026\\\/03\\\/pexels-ekaterina-bolovtsova-4049961.jpg\",\"caption\":\"recadrage entretien\"},{\"@type\":\"BreadcrumbList\",\"@id\":\"https:\\\/\\\/isabellerecloux.be\\\/index.php\\\/le-recadrage-mode-demploi\\\/#breadcrumb\",\"itemListElement\":[{\"@type\":\"ListItem\",\"position\":1,\"name\":\"Accueil\",\"item\":\"https:\\\/\\\/isabellerecloux.be\\\/\"},{\"@type\":\"ListItem\",\"position\":2,\"name\":\"Le recadrage : mode d&#8217;emploi\"}]},{\"@type\":\"WebSite\",\"@id\":\"https:\\\/\\\/isabellerecloux.be\\\/#website\",\"url\":\"https:\\\/\\\/isabellerecloux.be\\\/\",\"name\":\"Isabelle Recloux Management\",\"description\":\"Formation - Consultance - Accompagnement\",\"publisher\":{\"@id\":\"https:\\\/\\\/isabellerecloux.be\\\/#organization\"},\"potentialAction\":[{\"@type\":\"SearchAction\",\"target\":{\"@type\":\"EntryPoint\",\"urlTemplate\":\"https:\\\/\\\/isabellerecloux.be\\\/?s={search_term_string}\"},\"query-input\":{\"@type\":\"PropertyValueSpecification\",\"valueRequired\":true,\"valueName\":\"search_term_string\"}}],\"inLanguage\":\"fr-FR\"},{\"@type\":\"Organization\",\"@id\":\"https:\\\/\\\/isabellerecloux.be\\\/#organization\",\"name\":\"Isabelle Recloux Management\",\"alternateName\":\"Isabelle Recloux\",\"url\":\"https:\\\/\\\/isabellerecloux.be\\\/\",\"logo\":{\"@type\":\"ImageObject\",\"inLanguage\":\"fr-FR\",\"@id\":\"https:\\\/\\\/isabellerecloux.be\\\/#\\\/schema\\\/logo\\\/image\\\/\",\"url\":\"https:\\\/\\\/isabellerecloux.be\\\/wp-content\\\/uploads\\\/2023\\\/06\\\/cropped-Logo-IRM.png\",\"contentUrl\":\"https:\\\/\\\/isabellerecloux.be\\\/wp-content\\\/uploads\\\/2023\\\/06\\\/cropped-Logo-IRM.png\",\"width\":512,\"height\":512,\"caption\":\"Isabelle Recloux Management\"},\"image\":{\"@id\":\"https:\\\/\\\/isabellerecloux.be\\\/#\\\/schema\\\/logo\\\/image\\\/\"},\"sameAs\":[\"https:\\\/\\\/facebook.com\\\/isabellereclouxmanagement\",\"https:\\\/\\\/www.linkedin.com\\\/in\\\/isabellerecloux\\\/\"]}]}<\/script>\n<!-- \/ Yoast SEO plugin. -->","yoast_head_json":{"title":"Le recadrage : mode d'emploi - Isabelle Recloux Management","description":"formation Le recadrage : mode d'emploi communication management binche","robots":{"index":"index","follow":"follow","max-snippet":"max-snippet:-1","max-image-preview":"max-image-preview:large","max-video-preview":"max-video-preview:-1"},"canonical":"https:\/\/isabellerecloux.be\/index.php\/le-recadrage-mode-demploi\/","og_locale":"fr_FR","og_type":"article","og_title":"Le recadrage : mode d'emploi - Isabelle Recloux Management","og_description":"formation Le recadrage : mode d'emploi communication management binche","og_url":"https:\/\/isabellerecloux.be\/index.php\/le-recadrage-mode-demploi\/","og_site_name":"Isabelle Recloux Management","article_publisher":"https:\/\/facebook.com\/isabellereclouxmanagement","article_modified_time":"2026-03-05T14:09:34+00:00","og_image":[{"url":"https:\/\/isabellerecloux.be\/wp-content\/uploads\/2026\/03\/pexels-ekaterina-bolovtsova-4049961.jpg","width":1,"height":1,"type":"image\/jpeg"}],"twitter_card":"summary_large_image","twitter_misc":{"Dur\u00e9e de lecture estim\u00e9e":"3 minutes"},"schema":{"@context":"https:\/\/schema.org","@graph":[{"@type":"WebPage","@id":"https:\/\/isabellerecloux.be\/index.php\/le-recadrage-mode-demploi\/","url":"https:\/\/isabellerecloux.be\/index.php\/le-recadrage-mode-demploi\/","name":"Le recadrage : mode d'emploi - Isabelle Recloux Management","isPartOf":{"@id":"https:\/\/isabellerecloux.be\/#website"},"primaryImageOfPage":{"@id":"https:\/\/isabellerecloux.be\/index.php\/le-recadrage-mode-demploi\/#primaryimage"},"image":{"@id":"https:\/\/isabellerecloux.be\/index.php\/le-recadrage-mode-demploi\/#primaryimage"},"thumbnailUrl":"https:\/\/isabellerecloux.be\/wp-content\/uploads\/2026\/03\/pexels-ekaterina-bolovtsova-4049961.jpg","datePublished":"2026-03-05T11:25:44+00:00","dateModified":"2026-03-05T14:09:34+00:00","description":"formation Le recadrage : mode d'emploi communication management binche","breadcrumb":{"@id":"https:\/\/isabellerecloux.be\/index.php\/le-recadrage-mode-demploi\/#breadcrumb"},"inLanguage":"fr-FR","potentialAction":[{"@type":"ReadAction","target":["https:\/\/isabellerecloux.be\/index.php\/le-recadrage-mode-demploi\/"]}]},{"@type":"ImageObject","inLanguage":"fr-FR","@id":"https:\/\/isabellerecloux.be\/index.php\/le-recadrage-mode-demploi\/#primaryimage","url":"https:\/\/isabellerecloux.be\/wp-content\/uploads\/2026\/03\/pexels-ekaterina-bolovtsova-4049961.jpg","contentUrl":"https:\/\/isabellerecloux.be\/wp-content\/uploads\/2026\/03\/pexels-ekaterina-bolovtsova-4049961.jpg","caption":"recadrage entretien"},{"@type":"BreadcrumbList","@id":"https:\/\/isabellerecloux.be\/index.php\/le-recadrage-mode-demploi\/#breadcrumb","itemListElement":[{"@type":"ListItem","position":1,"name":"Accueil","item":"https:\/\/isabellerecloux.be\/"},{"@type":"ListItem","position":2,"name":"Le recadrage : mode d&#8217;emploi"}]},{"@type":"WebSite","@id":"https:\/\/isabellerecloux.be\/#website","url":"https:\/\/isabellerecloux.be\/","name":"Isabelle Recloux Management","description":"Formation - Consultance - Accompagnement","publisher":{"@id":"https:\/\/isabellerecloux.be\/#organization"},"potentialAction":[{"@type":"SearchAction","target":{"@type":"EntryPoint","urlTemplate":"https:\/\/isabellerecloux.be\/?s={search_term_string}"},"query-input":{"@type":"PropertyValueSpecification","valueRequired":true,"valueName":"search_term_string"}}],"inLanguage":"fr-FR"},{"@type":"Organization","@id":"https:\/\/isabellerecloux.be\/#organization","name":"Isabelle Recloux Management","alternateName":"Isabelle Recloux","url":"https:\/\/isabellerecloux.be\/","logo":{"@type":"ImageObject","inLanguage":"fr-FR","@id":"https:\/\/isabellerecloux.be\/#\/schema\/logo\/image\/","url":"https:\/\/isabellerecloux.be\/wp-content\/uploads\/2023\/06\/cropped-Logo-IRM.png","contentUrl":"https:\/\/isabellerecloux.be\/wp-content\/uploads\/2023\/06\/cropped-Logo-IRM.png","width":512,"height":512,"caption":"Isabelle Recloux Management"},"image":{"@id":"https:\/\/isabellerecloux.be\/#\/schema\/logo\/image\/"},"sameAs":["https:\/\/facebook.com\/isabellereclouxmanagement","https:\/\/www.linkedin.com\/in\/isabellerecloux\/"]}]}},"mfb_rest_fields":["title","yoast_head","yoast_head_json","gutenberg_elementor_mode"],"_links":{"self":[{"href":"https:\/\/isabellerecloux.be\/index.php\/wp-json\/wp\/v2\/pages\/4645","targetHints":{"allow":["GET"]}}],"collection":[{"href":"https:\/\/isabellerecloux.be\/index.php\/wp-json\/wp\/v2\/pages"}],"about":[{"href":"https:\/\/isabellerecloux.be\/index.php\/wp-json\/wp\/v2\/types\/page"}],"author":[{"embeddable":true,"href":"https:\/\/isabellerecloux.be\/index.php\/wp-json\/wp\/v2\/users\/1"}],"replies":[{"embeddable":true,"href":"https:\/\/isabellerecloux.be\/index.php\/wp-json\/wp\/v2\/comments?post=4645"}],"version-history":[{"count":22,"href":"https:\/\/isabellerecloux.be\/index.php\/wp-json\/wp\/v2\/pages\/4645\/revisions"}],"predecessor-version":[{"id":4740,"href":"https:\/\/isabellerecloux.be\/index.php\/wp-json\/wp\/v2\/pages\/4645\/revisions\/4740"}],"wp:featuredmedia":[{"embeddable":true,"href":"https:\/\/isabellerecloux.be\/index.php\/wp-json\/wp\/v2\/media\/4664"}],"wp:attachment":[{"href":"https:\/\/isabellerecloux.be\/index.php\/wp-json\/wp\/v2\/media?parent=4645"}],"curies":[{"name":"wp","href":"https:\/\/api.w.org\/{rel}","templated":true}]}}