{"id":32,"date":"2023-06-27T22:04:13","date_gmt":"2023-06-27T20:04:13","guid":{"rendered":"https:\/\/isabellerecloux.be\/?page_id=32"},"modified":"2023-10-02T01:49:54","modified_gmt":"2023-10-01T23:49:54","slug":"formations-sur-mesure","status":"publish","type":"page","link":"https:\/\/isabellerecloux.be\/index.php\/formations\/formations-sur-mesure\/","title":{"rendered":"Formations sur-mesure"},"content":{"rendered":"\t\t<div data-elementor-type=\"wp-page\" data-elementor-id=\"32\" class=\"elementor elementor-32\">\n\t\t\t\t\t\t<section class=\"elementor-section elementor-top-section elementor-element elementor-element-598dd167 elementor-section-boxed elementor-section-height-default elementor-section-height-default\" data-id=\"598dd167\" data-element_type=\"section\" data-e-type=\"section\">\n\t\t\t\t\t\t<div class=\"elementor-container elementor-column-gap-default\">\n\t\t\t\t\t<div class=\"elementor-column elementor-col-100 elementor-top-column elementor-element elementor-element-460a9f76\" data-id=\"460a9f76\" data-element_type=\"column\" data-e-type=\"column\">\n\t\t\t<div class=\"elementor-widget-wrap elementor-element-populated\">\n\t\t\t\t\t\t<div class=\"elementor-element elementor-element-2499d672 elementor-widget__width-initial elementor-widget elementor-widget-image-gallery\" data-id=\"2499d672\" data-element_type=\"widget\" data-e-type=\"widget\" data-widget_type=\"image-gallery.default\">\n\t\t\t\t<div class=\"elementor-widget-container\">\n\t\t\t\t\t\t\t<div class=\"elementor-image-gallery\">\n\t\t\t<div id='gallery-1' class='gallery galleryid-32 gallery-columns-1 gallery-size-medium'><figure class='gallery-item'>\n\t\t\t<div class='gallery-icon portrait'>\n\t\t\t\t<a data-elementor-open-lightbox=\"yes\" data-elementor-lightbox-slideshow=\"2499d672\" data-elementor-lightbox-title=\"Votre\" data-e-action-hash=\"#elementor-action%3Aaction%3Dlightbox%26settings%3DeyJpZCI6MTczLCJ1cmwiOiJodHRwczpcL1wvaXNhYmVsbGVyZWNsb3V4LmJlXC93cC1jb250ZW50XC91cGxvYWRzXC8yMDIzXC8wN1wvVm90cmUuanBnIiwic2xpZGVzaG93IjoiMjQ5OWQ2NzIifQ%3D%3D\" href='https:\/\/isabellerecloux.be\/wp-content\/uploads\/2023\/07\/Votre.jpg'><img fetchpriority=\"high\" decoding=\"async\" width=\"212\" height=\"300\" src=\"https:\/\/isabellerecloux.be\/wp-content\/uploads\/2023\/07\/Votre-212x300.jpg\" class=\"attachment-medium size-medium\" alt=\"\" aria-describedby=\"gallery-1-173\" srcset=\"https:\/\/isabellerecloux.be\/wp-content\/uploads\/2023\/07\/Votre-212x300.jpg 212w, https:\/\/isabellerecloux.be\/wp-content\/uploads\/2023\/07\/Votre-724x1024.jpg 724w, https:\/\/isabellerecloux.be\/wp-content\/uploads\/2023\/07\/Votre-768x1086.jpg 768w, https:\/\/isabellerecloux.be\/wp-content\/uploads\/2023\/07\/Votre-1086x1536.jpg 1086w, https:\/\/isabellerecloux.be\/wp-content\/uploads\/2023\/07\/Votre-1448x2048.jpg 1448w, https:\/\/isabellerecloux.be\/wp-content\/uploads\/2023\/07\/Votre.jpg 1587w\" sizes=\"(max-width: 212px) 100vw, 212px\" \/><\/a>\n\t\t\t<\/div>\n\t\t\t\t<figcaption class='wp-caption-text gallery-caption' id='gallery-1-173'>\n\t\t\t\tParcours personnalis\u00e9\n\t\t\t\t<\/figcaption><\/figure>\n\t\t<\/div>\n\t\t<\/div>\n\t\t\t\t\t\t<\/div>\n\t\t\t\t<\/div>\n\t\t\t\t<div class=\"elementor-element elementor-element-3ee5621b elementor-widget__width-initial elementor-widget elementor-widget-text-editor\" data-id=\"3ee5621b\" data-element_type=\"widget\" data-e-type=\"widget\" data-widget_type=\"text-editor.default\">\n\t\t\t\t<div class=\"elementor-widget-container\">\n\t\t\t\t\t\t\t\t\t<p>Vous souhaitez un <strong>programme sur-mesure<\/strong> ? Nous d\u00e9veloppons pour vous un parcours de formation digital, pr\u00e9sentiel ou hybride, adapt\u00e9 aux besoins de votre entreprise.<\/p><p><a href=\"https:\/\/isabellerecloux.be\/index.php\/contact\/\">Contactez-nous !<\/a><\/p>\t\t\t\t\t\t\t\t<\/div>\n\t\t\t\t<\/div>\n\t\t\t\t\t<\/div>\n\t\t<\/div>\n\t\t\t\t\t<\/div>\n\t\t<\/section>\n\t\t\t\t<section class=\"elementor-section elementor-top-section elementor-element elementor-element-c319b15 elementor-section-boxed elementor-section-height-default elementor-section-height-default\" data-id=\"c319b15\" data-element_type=\"section\" data-e-type=\"section\">\n\t\t\t\t\t\t<div class=\"elementor-container elementor-column-gap-default\">\n\t\t\t\t\t<div class=\"elementor-column elementor-col-100 elementor-top-column elementor-element elementor-element-f121091\" data-id=\"f121091\" data-element_type=\"column\" data-e-type=\"column\">\n\t\t\t<div class=\"elementor-widget-wrap elementor-element-populated\">\n\t\t\t\t\t\t<div class=\"elementor-element elementor-element-d646c3b elementor-align-center elementor-widget elementor-widget-button\" data-id=\"d646c3b\" data-element_type=\"widget\" data-e-type=\"widget\" data-widget_type=\"button.default\">\n\t\t\t\t<div class=\"elementor-widget-container\">\n\t\t\t\t\t\t\t\t\t<div class=\"elementor-button-wrapper\">\n\t\t\t\t\t<a class=\"elementor-button elementor-button-link elementor-size-lg\" href=\"https:\/\/isabellerecloux.be\/index.php\/formations\/catalogue-des-formations-irm\/\">\n\t\t\t\t\t\t<span class=\"elementor-button-content-wrapper\">\n\t\t\t\t\t\t\t\t\t<span class=\"elementor-button-text\">Voir le catalogue complet<\/span>\n\t\t\t\t\t<\/span>\n\t\t\t\t\t<\/a>\n\t\t\t\t<\/div>\n\t\t\t\t\t\t\t\t<\/div>\n\t\t\t\t<\/div>\n\t\t\t\t\t<\/div>\n\t\t<\/div>\n\t\t\t\t\t<\/div>\n\t\t<\/section>\n\t\t\t\t<\/div>\n\t\t","protected":false},"excerpt":{"rendered":"<p>Parcours personnalis\u00e9 Vous souhaitez un programme sur-mesure ? Nous d\u00e9veloppons pour vous un parcours de formation digital, pr\u00e9sentiel ou hybride, adapt\u00e9 aux besoins de votre entreprise. Contactez-nous ! Voir le catalogue complet<\/p>\n","protected":false},"author":1,"featured_media":0,"parent":24,"menu_order":4,"comment_status":"closed","ping_status":"closed","template":"","meta":{"_monsterinsights_skip_tracking":false,"_monsterinsights_sitenote_active":false,"_monsterinsights_sitenote_note":"","_monsterinsights_sitenote_category":0,"footnotes":""},"class_list":["post-32","page","type-page","status-publish","hentry"],"mb":[],"yoast_head":"<!-- This site is optimized with the Yoast SEO plugin v27.5 - https:\/\/yoast.com\/product\/yoast-seo-wordpress\/ -->\n<title>Formations sur-mesure - Isabelle Recloux Management<\/title>\n<meta name=\"description\" content=\"Nous cr\u00e9ons vos programmes de formations sur-mesure, adapt\u00e9s \u00e0 vos besoins et \u00e0 votre budget. Contactez-nous !\" \/>\n<meta name=\"robots\" content=\"index, follow, max-snippet:-1, max-image-preview:large, max-video-preview:-1\" \/>\n<link rel=\"canonical\" href=\"https:\/\/isabellerecloux.be\/index.php\/formations\/formations-sur-mesure\/\" \/>\n<meta property=\"og:locale\" content=\"fr_FR\" \/>\n<meta property=\"og:type\" content=\"article\" \/>\n<meta property=\"og:title\" content=\"Formations sur-mesure - Isabelle Recloux Management\" \/>\n<meta property=\"og:description\" content=\"Nous cr\u00e9ons vos programmes de formations sur-mesure, adapt\u00e9s \u00e0 vos besoins et \u00e0 votre budget. Contactez-nous !\" \/>\n<meta property=\"og:url\" content=\"https:\/\/isabellerecloux.be\/index.php\/formations\/formations-sur-mesure\/\" \/>\n<meta property=\"og:site_name\" content=\"Isabelle Recloux Management\" \/>\n<meta property=\"article:publisher\" content=\"https:\/\/facebook.com\/isabellereclouxmanagement\" \/>\n<meta property=\"article:modified_time\" content=\"2023-10-01T23:49:54+00:00\" \/>\n<meta property=\"og:image\" content=\"https:\/\/isabellerecloux.be\/wp-content\/uploads\/2023\/07\/Votre-212x300.jpg\" \/>\n<meta name=\"twitter:card\" content=\"summary_large_image\" \/>\n<meta name=\"twitter:label1\" content=\"Dur\u00e9e de lecture estim\u00e9e\" \/>\n\t<meta name=\"twitter:data1\" content=\"1 minute\" \/>\n<script type=\"application\/ld+json\" class=\"yoast-schema-graph\">{\"@context\":\"https:\\\/\\\/schema.org\",\"@graph\":[{\"@type\":\"WebPage\",\"@id\":\"https:\\\/\\\/isabellerecloux.be\\\/index.php\\\/formations\\\/formations-sur-mesure\\\/\",\"url\":\"https:\\\/\\\/isabellerecloux.be\\\/index.php\\\/formations\\\/formations-sur-mesure\\\/\",\"name\":\"Formations sur-mesure - Isabelle Recloux Management\",\"isPartOf\":{\"@id\":\"https:\\\/\\\/isabellerecloux.be\\\/#website\"},\"primaryImageOfPage\":{\"@id\":\"https:\\\/\\\/isabellerecloux.be\\\/index.php\\\/formations\\\/formations-sur-mesure\\\/#primaryimage\"},\"image\":{\"@id\":\"https:\\\/\\\/isabellerecloux.be\\\/index.php\\\/formations\\\/formations-sur-mesure\\\/#primaryimage\"},\"thumbnailUrl\":\"https:\\\/\\\/isabellerecloux.be\\\/wp-content\\\/uploads\\\/2023\\\/07\\\/Votre-212x300.jpg\",\"datePublished\":\"2023-06-27T20:04:13+00:00\",\"dateModified\":\"2023-10-01T23:49:54+00:00\",\"description\":\"Nous cr\u00e9ons vos programmes de formations sur-mesure, adapt\u00e9s \u00e0 vos besoins et \u00e0 votre budget. Contactez-nous !\",\"breadcrumb\":{\"@id\":\"https:\\\/\\\/isabellerecloux.be\\\/index.php\\\/formations\\\/formations-sur-mesure\\\/#breadcrumb\"},\"inLanguage\":\"fr-FR\",\"potentialAction\":[{\"@type\":\"ReadAction\",\"target\":[\"https:\\\/\\\/isabellerecloux.be\\\/index.php\\\/formations\\\/formations-sur-mesure\\\/\"]}]},{\"@type\":\"ImageObject\",\"inLanguage\":\"fr-FR\",\"@id\":\"https:\\\/\\\/isabellerecloux.be\\\/index.php\\\/formations\\\/formations-sur-mesure\\\/#primaryimage\",\"url\":\"https:\\\/\\\/isabellerecloux.be\\\/wp-content\\\/uploads\\\/2023\\\/07\\\/Votre.jpg\",\"contentUrl\":\"https:\\\/\\\/isabellerecloux.be\\\/wp-content\\\/uploads\\\/2023\\\/07\\\/Votre.jpg\",\"width\":1587,\"height\":2245,\"caption\":\"Parcours personnalis\u00e9\"},{\"@type\":\"BreadcrumbList\",\"@id\":\"https:\\\/\\\/isabellerecloux.be\\\/index.php\\\/formations\\\/formations-sur-mesure\\\/#breadcrumb\",\"itemListElement\":[{\"@type\":\"ListItem\",\"position\":1,\"name\":\"Accueil\",\"item\":\"https:\\\/\\\/isabellerecloux.be\\\/\"},{\"@type\":\"ListItem\",\"position\":2,\"name\":\"Formations\",\"item\":\"https:\\\/\\\/isabellerecloux.be\\\/index.php\\\/formations\\\/\"},{\"@type\":\"ListItem\",\"position\":3,\"name\":\"Formations sur-mesure\"}]},{\"@type\":\"WebSite\",\"@id\":\"https:\\\/\\\/isabellerecloux.be\\\/#website\",\"url\":\"https:\\\/\\\/isabellerecloux.be\\\/\",\"name\":\"Isabelle Recloux Management\",\"description\":\"Formation - Consultance - Accompagnement\",\"publisher\":{\"@id\":\"https:\\\/\\\/isabellerecloux.be\\\/#organization\"},\"potentialAction\":[{\"@type\":\"SearchAction\",\"target\":{\"@type\":\"EntryPoint\",\"urlTemplate\":\"https:\\\/\\\/isabellerecloux.be\\\/?s={search_term_string}\"},\"query-input\":{\"@type\":\"PropertyValueSpecification\",\"valueRequired\":true,\"valueName\":\"search_term_string\"}}],\"inLanguage\":\"fr-FR\"},{\"@type\":\"Organization\",\"@id\":\"https:\\\/\\\/isabellerecloux.be\\\/#organization\",\"name\":\"Isabelle Recloux Management\",\"alternateName\":\"Isabelle Recloux\",\"url\":\"https:\\\/\\\/isabellerecloux.be\\\/\",\"logo\":{\"@type\":\"ImageObject\",\"inLanguage\":\"fr-FR\",\"@id\":\"https:\\\/\\\/isabellerecloux.be\\\/#\\\/schema\\\/logo\\\/image\\\/\",\"url\":\"https:\\\/\\\/isabellerecloux.be\\\/wp-content\\\/uploads\\\/2023\\\/06\\\/cropped-Logo-IRM.png\",\"contentUrl\":\"https:\\\/\\\/isabellerecloux.be\\\/wp-content\\\/uploads\\\/2023\\\/06\\\/cropped-Logo-IRM.png\",\"width\":512,\"height\":512,\"caption\":\"Isabelle Recloux Management\"},\"image\":{\"@id\":\"https:\\\/\\\/isabellerecloux.be\\\/#\\\/schema\\\/logo\\\/image\\\/\"},\"sameAs\":[\"https:\\\/\\\/facebook.com\\\/isabellereclouxmanagement\",\"https:\\\/\\\/www.linkedin.com\\\/in\\\/isabellerecloux\\\/\"]}]}<\/script>\n<!-- \/ Yoast SEO plugin. -->","yoast_head_json":{"title":"Formations sur-mesure - Isabelle Recloux Management","description":"Nous cr\u00e9ons vos programmes de formations sur-mesure, adapt\u00e9s \u00e0 vos besoins et \u00e0 votre budget. Contactez-nous !","robots":{"index":"index","follow":"follow","max-snippet":"max-snippet:-1","max-image-preview":"max-image-preview:large","max-video-preview":"max-video-preview:-1"},"canonical":"https:\/\/isabellerecloux.be\/index.php\/formations\/formations-sur-mesure\/","og_locale":"fr_FR","og_type":"article","og_title":"Formations sur-mesure - Isabelle Recloux Management","og_description":"Nous cr\u00e9ons vos programmes de formations sur-mesure, adapt\u00e9s \u00e0 vos besoins et \u00e0 votre budget. Contactez-nous !","og_url":"https:\/\/isabellerecloux.be\/index.php\/formations\/formations-sur-mesure\/","og_site_name":"Isabelle Recloux Management","article_publisher":"https:\/\/facebook.com\/isabellereclouxmanagement","article_modified_time":"2023-10-01T23:49:54+00:00","og_image":[{"url":"https:\/\/isabellerecloux.be\/wp-content\/uploads\/2023\/07\/Votre-212x300.jpg","type":"","width":"","height":""}],"twitter_card":"summary_large_image","twitter_misc":{"Dur\u00e9e de lecture estim\u00e9e":"1 minute"},"schema":{"@context":"https:\/\/schema.org","@graph":[{"@type":"WebPage","@id":"https:\/\/isabellerecloux.be\/index.php\/formations\/formations-sur-mesure\/","url":"https:\/\/isabellerecloux.be\/index.php\/formations\/formations-sur-mesure\/","name":"Formations sur-mesure - Isabelle Recloux Management","isPartOf":{"@id":"https:\/\/isabellerecloux.be\/#website"},"primaryImageOfPage":{"@id":"https:\/\/isabellerecloux.be\/index.php\/formations\/formations-sur-mesure\/#primaryimage"},"image":{"@id":"https:\/\/isabellerecloux.be\/index.php\/formations\/formations-sur-mesure\/#primaryimage"},"thumbnailUrl":"https:\/\/isabellerecloux.be\/wp-content\/uploads\/2023\/07\/Votre-212x300.jpg","datePublished":"2023-06-27T20:04:13+00:00","dateModified":"2023-10-01T23:49:54+00:00","description":"Nous cr\u00e9ons vos programmes de formations sur-mesure, adapt\u00e9s \u00e0 vos besoins et \u00e0 votre budget. Contactez-nous !","breadcrumb":{"@id":"https:\/\/isabellerecloux.be\/index.php\/formations\/formations-sur-mesure\/#breadcrumb"},"inLanguage":"fr-FR","potentialAction":[{"@type":"ReadAction","target":["https:\/\/isabellerecloux.be\/index.php\/formations\/formations-sur-mesure\/"]}]},{"@type":"ImageObject","inLanguage":"fr-FR","@id":"https:\/\/isabellerecloux.be\/index.php\/formations\/formations-sur-mesure\/#primaryimage","url":"https:\/\/isabellerecloux.be\/wp-content\/uploads\/2023\/07\/Votre.jpg","contentUrl":"https:\/\/isabellerecloux.be\/wp-content\/uploads\/2023\/07\/Votre.jpg","width":1587,"height":2245,"caption":"Parcours personnalis\u00e9"},{"@type":"BreadcrumbList","@id":"https:\/\/isabellerecloux.be\/index.php\/formations\/formations-sur-mesure\/#breadcrumb","itemListElement":[{"@type":"ListItem","position":1,"name":"Accueil","item":"https:\/\/isabellerecloux.be\/"},{"@type":"ListItem","position":2,"name":"Formations","item":"https:\/\/isabellerecloux.be\/index.php\/formations\/"},{"@type":"ListItem","position":3,"name":"Formations sur-mesure"}]},{"@type":"WebSite","@id":"https:\/\/isabellerecloux.be\/#website","url":"https:\/\/isabellerecloux.be\/","name":"Isabelle Recloux Management","description":"Formation - Consultance - Accompagnement","publisher":{"@id":"https:\/\/isabellerecloux.be\/#organization"},"potentialAction":[{"@type":"SearchAction","target":{"@type":"EntryPoint","urlTemplate":"https:\/\/isabellerecloux.be\/?s={search_term_string}"},"query-input":{"@type":"PropertyValueSpecification","valueRequired":true,"valueName":"search_term_string"}}],"inLanguage":"fr-FR"},{"@type":"Organization","@id":"https:\/\/isabellerecloux.be\/#organization","name":"Isabelle Recloux Management","alternateName":"Isabelle Recloux","url":"https:\/\/isabellerecloux.be\/","logo":{"@type":"ImageObject","inLanguage":"fr-FR","@id":"https:\/\/isabellerecloux.be\/#\/schema\/logo\/image\/","url":"https:\/\/isabellerecloux.be\/wp-content\/uploads\/2023\/06\/cropped-Logo-IRM.png","contentUrl":"https:\/\/isabellerecloux.be\/wp-content\/uploads\/2023\/06\/cropped-Logo-IRM.png","width":512,"height":512,"caption":"Isabelle Recloux Management"},"image":{"@id":"https:\/\/isabellerecloux.be\/#\/schema\/logo\/image\/"},"sameAs":["https:\/\/facebook.com\/isabellereclouxmanagement","https:\/\/www.linkedin.com\/in\/isabellerecloux\/"]}]}},"mfb_rest_fields":["title","yoast_head","yoast_head_json","gutenberg_elementor_mode"],"_links":{"self":[{"href":"https:\/\/isabellerecloux.be\/index.php\/wp-json\/wp\/v2\/pages\/32","targetHints":{"allow":["GET"]}}],"collection":[{"href":"https:\/\/isabellerecloux.be\/index.php\/wp-json\/wp\/v2\/pages"}],"about":[{"href":"https:\/\/isabellerecloux.be\/index.php\/wp-json\/wp\/v2\/types\/page"}],"author":[{"embeddable":true,"href":"https:\/\/isabellerecloux.be\/index.php\/wp-json\/wp\/v2\/users\/1"}],"replies":[{"embeddable":true,"href":"https:\/\/isabellerecloux.be\/index.php\/wp-json\/wp\/v2\/comments?post=32"}],"version-history":[{"count":14,"href":"https:\/\/isabellerecloux.be\/index.php\/wp-json\/wp\/v2\/pages\/32\/revisions"}],"predecessor-version":[{"id":1932,"href":"https:\/\/isabellerecloux.be\/index.php\/wp-json\/wp\/v2\/pages\/32\/revisions\/1932"}],"up":[{"embeddable":true,"href":"https:\/\/isabellerecloux.be\/index.php\/wp-json\/wp\/v2\/pages\/24"}],"wp:attachment":[{"href":"https:\/\/isabellerecloux.be\/index.php\/wp-json\/wp\/v2\/media?parent=32"}],"curies":[{"name":"wp","href":"https:\/\/api.w.org\/{rel}","templated":true}]}}