{"id":24,"date":"2023-06-27T22:00:50","date_gmt":"2023-06-27T20:00:50","guid":{"rendered":"https:\/\/isabellerecloux.be\/?page_id=24"},"modified":"2023-09-15T13:57:59","modified_gmt":"2023-09-15T11:57:59","slug":"formations","status":"publish","type":"page","link":"https:\/\/isabellerecloux.be\/index.php\/formations\/","title":{"rendered":"Formations"},"content":{"rendered":"\t\t<div data-elementor-type=\"wp-page\" data-elementor-id=\"24\" class=\"elementor elementor-24\">\n\t\t\t\t\t\t<section class=\"elementor-section elementor-top-section elementor-element elementor-element-ae1da9e elementor-section-boxed elementor-section-height-default elementor-section-height-default\" data-id=\"ae1da9e\" data-element_type=\"section\" data-e-type=\"section\">\n\t\t\t\t\t\t<div class=\"elementor-container elementor-column-gap-default\">\n\t\t\t\t\t<div class=\"elementor-column elementor-col-100 elementor-top-column elementor-element elementor-element-324cd05\" data-id=\"324cd05\" data-element_type=\"column\" data-e-type=\"column\">\n\t\t\t<div class=\"elementor-widget-wrap elementor-element-populated\">\n\t\t\t\t\t\t<div class=\"elementor-element elementor-element-8ee2ff1 elementor-widget elementor-widget-text-editor\" data-id=\"8ee2ff1\" data-element_type=\"widget\" data-e-type=\"widget\" data-widget_type=\"text-editor.default\">\n\t\t\t\t<div class=\"elementor-widget-container\">\n\t\t\t\t\t\t\t\t\t<p>Vous souhaitez vous former ou former vos collaborateurs ? En ligne, en pr\u00e9sentiel ou en mode hybride ? En inter-entreprise ou en intra-entreprise ? Vous souhaitez d\u00e9velopper un parcours de formation sur-mesure en fonction de vos besoins et de votre secteur d&rsquo;activit\u00e9s ?<\/p><p>Consultez nos catalogues ci-dessous !<\/p>\t\t\t\t\t\t\t\t<\/div>\n\t\t\t\t<\/div>\n\t\t\t\t\t<\/div>\n\t\t<\/div>\n\t\t\t\t\t<\/div>\n\t\t<\/section>\n\t\t\t\t<section class=\"elementor-section elementor-top-section elementor-element elementor-element-a9abf1c elementor-section-boxed elementor-section-height-default elementor-section-height-default\" data-id=\"a9abf1c\" data-element_type=\"section\" data-e-type=\"section\">\n\t\t\t\t\t\t<div class=\"elementor-container elementor-column-gap-default\">\n\t\t\t\t\t<div class=\"elementor-column elementor-col-50 elementor-top-column elementor-element elementor-element-b998b0b\" data-id=\"b998b0b\" data-element_type=\"column\" data-e-type=\"column\">\n\t\t\t<div class=\"elementor-widget-wrap elementor-element-populated\">\n\t\t\t\t\t\t<div class=\"elementor-element elementor-element-aceb849 elementor-widget__width-initial elementor-widget elementor-widget-image\" data-id=\"aceb849\" data-element_type=\"widget\" data-e-type=\"widget\" data-widget_type=\"image.default\">\n\t\t\t\t<div class=\"elementor-widget-container\">\n\t\t\t\t\t\t\t\t\t\t\t\t<figure class=\"wp-caption\">\n\t\t\t\t\t\t\t\t\t\t\t<a href=\"https:\/\/isabellerecloux.be\/index.php\/formations\/formations-en-presentiel\/\" target=\"_blank\">\n\t\t\t\t\t\t\t<img fetchpriority=\"high\" decoding=\"async\" width=\"1536\" height=\"1025\" src=\"https:\/\/isabellerecloux.be\/wp-content\/uploads\/2023\/07\/pexels-christina-morillo-1181615-1536x1025.jpg\" class=\"attachment-1536x1536 size-1536x1536 wp-image-232\" alt=\"\" srcset=\"https:\/\/isabellerecloux.be\/wp-content\/uploads\/2023\/07\/pexels-christina-morillo-1181615-1536x1025.jpg 1536w, https:\/\/isabellerecloux.be\/wp-content\/uploads\/2023\/07\/pexels-christina-morillo-1181615-300x200.jpg 300w, https:\/\/isabellerecloux.be\/wp-content\/uploads\/2023\/07\/pexels-christina-morillo-1181615-1024x684.jpg 1024w, https:\/\/isabellerecloux.be\/wp-content\/uploads\/2023\/07\/pexels-christina-morillo-1181615-768x513.jpg 768w, https:\/\/isabellerecloux.be\/wp-content\/uploads\/2023\/07\/pexels-christina-morillo-1181615-2048x1367.jpg 2048w\" sizes=\"(max-width: 1536px) 100vw, 1536px\" \/>\t\t\t\t\t\t\t\t<\/a>\n\t\t\t\t\t\t\t\t\t\t\t<figcaption class=\"widget-image-caption wp-caption-text\">Catalogue de formations en pr\u00e9sentiel<\/figcaption>\n\t\t\t\t\t\t\t\t\t\t<\/figure>\n\t\t\t\t\t\t\t\t\t<\/div>\n\t\t\t\t<\/div>\n\t\t\t\t\t<\/div>\n\t\t<\/div>\n\t\t\t\t<div class=\"elementor-column elementor-col-50 elementor-top-column elementor-element elementor-element-b88620b\" data-id=\"b88620b\" data-element_type=\"column\" data-e-type=\"column\">\n\t\t\t<div class=\"elementor-widget-wrap elementor-element-populated\">\n\t\t\t\t\t\t<div class=\"elementor-element elementor-element-b1be907 elementor-widget__width-initial elementor-widget elementor-widget-image\" data-id=\"b1be907\" data-element_type=\"widget\" data-e-type=\"widget\" data-widget_type=\"image.default\">\n\t\t\t\t<div class=\"elementor-widget-container\">\n\t\t\t\t\t\t\t\t\t\t\t\t<figure class=\"wp-caption\">\n\t\t\t\t\t\t\t\t\t\t\t<a href=\"https:\/\/isabellerecloux.be\/index.php\/formations\/formations-digitales\/\" target=\"_blank\">\n\t\t\t\t\t\t\t<img decoding=\"async\" width=\"1536\" height=\"1025\" src=\"https:\/\/isabellerecloux.be\/wp-content\/uploads\/2023\/09\/pexels-buro-millennial-1438081-1536x1025.jpg\" class=\"attachment-1536x1536 size-1536x1536 wp-image-1290\" alt=\"formations digitales\" srcset=\"https:\/\/isabellerecloux.be\/wp-content\/uploads\/2023\/09\/pexels-buro-millennial-1438081-1536x1025.jpg 1536w, https:\/\/isabellerecloux.be\/wp-content\/uploads\/2023\/09\/pexels-buro-millennial-1438081-300x200.jpg 300w, https:\/\/isabellerecloux.be\/wp-content\/uploads\/2023\/09\/pexels-buro-millennial-1438081-1024x684.jpg 1024w, https:\/\/isabellerecloux.be\/wp-content\/uploads\/2023\/09\/pexels-buro-millennial-1438081-768x513.jpg 768w, https:\/\/isabellerecloux.be\/wp-content\/uploads\/2023\/09\/pexels-buro-millennial-1438081-2048x1367.jpg 2048w\" sizes=\"(max-width: 1536px) 100vw, 1536px\" \/>\t\t\t\t\t\t\t\t<\/a>\n\t\t\t\t\t\t\t\t\t\t\t<figcaption class=\"widget-image-caption wp-caption-text\">Catalogue de formations digitales<\/figcaption>\n\t\t\t\t\t\t\t\t\t\t<\/figure>\n\t\t\t\t\t\t\t\t\t<\/div>\n\t\t\t\t<\/div>\n\t\t\t\t\t<\/div>\n\t\t<\/div>\n\t\t\t\t\t<\/div>\n\t\t<\/section>\n\t\t\t\t<section class=\"elementor-section elementor-top-section elementor-element elementor-element-2338b11 elementor-section-boxed elementor-section-height-default elementor-section-height-default\" data-id=\"2338b11\" data-element_type=\"section\" data-e-type=\"section\">\n\t\t\t\t\t\t<div class=\"elementor-container elementor-column-gap-default\">\n\t\t\t\t\t<div class=\"elementor-column elementor-col-50 elementor-top-column elementor-element elementor-element-5f3551e\" data-id=\"5f3551e\" data-element_type=\"column\" data-e-type=\"column\">\n\t\t\t<div class=\"elementor-widget-wrap elementor-element-populated\">\n\t\t\t\t\t\t<div class=\"elementor-element elementor-element-ece8051 elementor-widget__width-initial elementor-widget elementor-widget-image\" data-id=\"ece8051\" data-element_type=\"widget\" data-e-type=\"widget\" data-widget_type=\"image.default\">\n\t\t\t\t<div class=\"elementor-widget-container\">\n\t\t\t\t\t\t\t\t\t\t\t\t<figure class=\"wp-caption\">\n\t\t\t\t\t\t\t\t\t\t\t<a href=\"https:\/\/isabellerecloux.be\/index.php\/formations\/formations-hybrides\/\" target=\"_blank\">\n\t\t\t\t\t\t\t<img decoding=\"async\" width=\"1024\" height=\"683\" src=\"https:\/\/isabellerecloux.be\/wp-content\/uploads\/2023\/07\/pexels-fauxels-3184296-1-1024x683.jpg\" class=\"attachment-large size-large wp-image-132\" alt=\"\" srcset=\"https:\/\/isabellerecloux.be\/wp-content\/uploads\/2023\/07\/pexels-fauxels-3184296-1-1024x683.jpg 1024w, https:\/\/isabellerecloux.be\/wp-content\/uploads\/2023\/07\/pexels-fauxels-3184296-1-300x200.jpg 300w, https:\/\/isabellerecloux.be\/wp-content\/uploads\/2023\/07\/pexels-fauxels-3184296-1-768x512.jpg 768w, https:\/\/isabellerecloux.be\/wp-content\/uploads\/2023\/07\/pexels-fauxels-3184296-1-1536x1024.jpg 1536w, https:\/\/isabellerecloux.be\/wp-content\/uploads\/2023\/07\/pexels-fauxels-3184296-1-2048x1365.jpg 2048w\" sizes=\"(max-width: 1024px) 100vw, 1024px\" \/>\t\t\t\t\t\t\t\t<\/a>\n\t\t\t\t\t\t\t\t\t\t\t<figcaption class=\"widget-image-caption wp-caption-text\">Catalogue de formations en blended learning (hybrides)<\/figcaption>\n\t\t\t\t\t\t\t\t\t\t<\/figure>\n\t\t\t\t\t\t\t\t\t<\/div>\n\t\t\t\t<\/div>\n\t\t\t\t\t<\/div>\n\t\t<\/div>\n\t\t\t\t<div class=\"elementor-column elementor-col-50 elementor-top-column elementor-element elementor-element-c3ca8cd\" data-id=\"c3ca8cd\" data-element_type=\"column\" data-e-type=\"column\">\n\t\t\t<div class=\"elementor-widget-wrap elementor-element-populated\">\n\t\t\t\t\t\t<div class=\"elementor-element elementor-element-255273f elementor-widget__width-initial elementor-widget elementor-widget-image\" data-id=\"255273f\" data-element_type=\"widget\" data-e-type=\"widget\" data-widget_type=\"image.default\">\n\t\t\t\t<div class=\"elementor-widget-container\">\n\t\t\t\t\t\t\t\t\t\t\t\t<figure class=\"wp-caption\">\n\t\t\t\t\t\t\t\t\t\t\t<a href=\"https:\/\/isabellerecloux.be\/index.php\/formations\/formations-sur-mesure\/\" target=\"_blank\">\n\t\t\t\t\t\t\t<img loading=\"lazy\" decoding=\"async\" width=\"1024\" height=\"683\" src=\"https:\/\/isabellerecloux.be\/wp-content\/uploads\/2023\/07\/pexels-kampus-production-8636606-1024x683.jpg\" class=\"attachment-large size-large wp-image-228\" alt=\"\" srcset=\"https:\/\/isabellerecloux.be\/wp-content\/uploads\/2023\/07\/pexels-kampus-production-8636606-1024x683.jpg 1024w, https:\/\/isabellerecloux.be\/wp-content\/uploads\/2023\/07\/pexels-kampus-production-8636606-300x200.jpg 300w, https:\/\/isabellerecloux.be\/wp-content\/uploads\/2023\/07\/pexels-kampus-production-8636606-768x513.jpg 768w\" sizes=\"(max-width: 1024px) 100vw, 1024px\" \/>\t\t\t\t\t\t\t\t<\/a>\n\t\t\t\t\t\t\t\t\t\t\t<figcaption class=\"widget-image-caption wp-caption-text\">Nos formations sur-mesure<\/figcaption>\n\t\t\t\t\t\t\t\t\t\t<\/figure>\n\t\t\t\t\t\t\t\t\t<\/div>\n\t\t\t\t<\/div>\n\t\t\t\t\t<\/div>\n\t\t<\/div>\n\t\t\t\t\t<\/div>\n\t\t<\/section>\n\t\t\t\t<section class=\"elementor-section elementor-top-section elementor-element elementor-element-065df74 elementor-section-boxed elementor-section-height-default elementor-section-height-default\" data-id=\"065df74\" data-element_type=\"section\" data-e-type=\"section\">\n\t\t\t\t\t\t<div class=\"elementor-container elementor-column-gap-default\">\n\t\t\t\t\t<div class=\"elementor-column elementor-col-100 elementor-top-column elementor-element elementor-element-54fa28f\" data-id=\"54fa28f\" data-element_type=\"column\" data-e-type=\"column\">\n\t\t\t<div class=\"elementor-widget-wrap elementor-element-populated\">\n\t\t\t\t\t\t<div class=\"elementor-element elementor-element-5101ade elementor-align-center elementor-widget elementor-widget-button\" data-id=\"5101ade\" data-element_type=\"widget\" data-e-type=\"widget\" data-widget_type=\"button.default\">\n\t\t\t\t<div class=\"elementor-widget-container\">\n\t\t\t\t\t\t\t\t\t<div class=\"elementor-button-wrapper\">\n\t\t\t\t\t<a class=\"elementor-button elementor-button-link elementor-size-xl elementor-animation-push\" href=\"https:\/\/isabellerecloux.be\/index.php\/services\/formations\/catalogue-des-formations-irm\/\" target=\"_blank\">\n\t\t\t\t\t\t<span class=\"elementor-button-content-wrapper\">\n\t\t\t\t\t\t\t\t\t<span class=\"elementor-button-text\">Voir notre catalogue complet<\/span>\n\t\t\t\t\t<\/span>\n\t\t\t\t\t<\/a>\n\t\t\t\t<\/div>\n\t\t\t\t\t\t\t\t<\/div>\n\t\t\t\t<\/div>\n\t\t\t\t\t<\/div>\n\t\t<\/div>\n\t\t\t\t\t<\/div>\n\t\t<\/section>\n\t\t\t\t<\/div>\n\t\t","protected":false},"excerpt":{"rendered":"<p>Vous souhaitez vous former ou former vos collaborateurs ? En ligne, en pr\u00e9sentiel ou en mode hybride ? En inter-entreprise ou en intra-entreprise ? Vous souhaitez d\u00e9velopper un parcours de formation sur-mesure en fonction de vos besoins et de votre secteur d&rsquo;activit\u00e9s ? Consultez nos catalogues ci-dessous ! Catalogue de [&hellip;]<\/p>\n","protected":false},"author":1,"featured_media":0,"parent":0,"menu_order":1,"comment_status":"closed","ping_status":"closed","template":"","meta":{"_monsterinsights_skip_tracking":false,"_monsterinsights_sitenote_active":false,"_monsterinsights_sitenote_note":"","_monsterinsights_sitenote_category":0,"footnotes":""},"class_list":["post-24","page","type-page","status-publish","hentry"],"mb":[],"yoast_head":"<!-- This site is optimized with the Yoast SEO plugin v27.5 - https:\/\/yoast.com\/product\/yoast-seo-wordpress\/ -->\n<title>Formations - Isabelle Recloux Management<\/title>\n<meta name=\"description\" content=\"Formations en communication, management, gestion du stress. Formateurs certifi\u00e9s. Formats pr\u00e9sentiel, digital, hybride.\" \/>\n<meta name=\"robots\" content=\"index, follow, max-snippet:-1, max-image-preview:large, max-video-preview:-1\" \/>\n<link rel=\"canonical\" href=\"https:\/\/isabellerecloux.be\/index.php\/formations\/\" \/>\n<meta property=\"og:locale\" content=\"fr_FR\" \/>\n<meta property=\"og:type\" content=\"article\" \/>\n<meta property=\"og:title\" content=\"Formations - Isabelle Recloux Management\" \/>\n<meta property=\"og:description\" content=\"Formations en communication, management, gestion du stress. Formateurs certifi\u00e9s. Formats pr\u00e9sentiel, digital, hybride.\" \/>\n<meta property=\"og:url\" content=\"https:\/\/isabellerecloux.be\/index.php\/formations\/\" \/>\n<meta property=\"og:site_name\" content=\"Isabelle Recloux Management\" \/>\n<meta property=\"article:publisher\" content=\"https:\/\/facebook.com\/isabellereclouxmanagement\" \/>\n<meta property=\"article:modified_time\" content=\"2023-09-15T11:57:59+00:00\" \/>\n<meta property=\"og:image\" content=\"https:\/\/isabellerecloux.be\/wp-content\/uploads\/2023\/07\/pexels-christina-morillo-1181615-1536x1025.jpg\" \/>\n<meta name=\"twitter:card\" content=\"summary_large_image\" \/>\n<meta name=\"twitter:label1\" content=\"Dur\u00e9e de lecture estim\u00e9e\" \/>\n\t<meta name=\"twitter:data1\" content=\"2 minutes\" \/>\n<script type=\"application\/ld+json\" class=\"yoast-schema-graph\">{\"@context\":\"https:\\\/\\\/schema.org\",\"@graph\":[{\"@type\":\"WebPage\",\"@id\":\"https:\\\/\\\/isabellerecloux.be\\\/index.php\\\/formations\\\/\",\"url\":\"https:\\\/\\\/isabellerecloux.be\\\/index.php\\\/formations\\\/\",\"name\":\"Formations - Isabelle Recloux Management\",\"isPartOf\":{\"@id\":\"https:\\\/\\\/isabellerecloux.be\\\/#website\"},\"primaryImageOfPage\":{\"@id\":\"https:\\\/\\\/isabellerecloux.be\\\/index.php\\\/formations\\\/#primaryimage\"},\"image\":{\"@id\":\"https:\\\/\\\/isabellerecloux.be\\\/index.php\\\/formations\\\/#primaryimage\"},\"thumbnailUrl\":\"https:\\\/\\\/isabellerecloux.be\\\/wp-content\\\/uploads\\\/2023\\\/07\\\/pexels-christina-morillo-1181615-1536x1025.jpg\",\"datePublished\":\"2023-06-27T20:00:50+00:00\",\"dateModified\":\"2023-09-15T11:57:59+00:00\",\"description\":\"Formations en communication, management, gestion du stress. Formateurs certifi\u00e9s. Formats pr\u00e9sentiel, digital, hybride.\",\"breadcrumb\":{\"@id\":\"https:\\\/\\\/isabellerecloux.be\\\/index.php\\\/formations\\\/#breadcrumb\"},\"inLanguage\":\"fr-FR\",\"potentialAction\":[{\"@type\":\"ReadAction\",\"target\":[\"https:\\\/\\\/isabellerecloux.be\\\/index.php\\\/formations\\\/\"]}]},{\"@type\":\"ImageObject\",\"inLanguage\":\"fr-FR\",\"@id\":\"https:\\\/\\\/isabellerecloux.be\\\/index.php\\\/formations\\\/#primaryimage\",\"url\":\"https:\\\/\\\/isabellerecloux.be\\\/wp-content\\\/uploads\\\/2023\\\/07\\\/pexels-christina-morillo-1181615-scaled.jpg\",\"contentUrl\":\"https:\\\/\\\/isabellerecloux.be\\\/wp-content\\\/uploads\\\/2023\\\/07\\\/pexels-christina-morillo-1181615-scaled.jpg\",\"width\":2560,\"height\":1709,\"caption\":\"Catalogue de formations en pr\u00e9sentiel\"},{\"@type\":\"BreadcrumbList\",\"@id\":\"https:\\\/\\\/isabellerecloux.be\\\/index.php\\\/formations\\\/#breadcrumb\",\"itemListElement\":[{\"@type\":\"ListItem\",\"position\":1,\"name\":\"Accueil\",\"item\":\"https:\\\/\\\/isabellerecloux.be\\\/\"},{\"@type\":\"ListItem\",\"position\":2,\"name\":\"Formations\"}]},{\"@type\":\"WebSite\",\"@id\":\"https:\\\/\\\/isabellerecloux.be\\\/#website\",\"url\":\"https:\\\/\\\/isabellerecloux.be\\\/\",\"name\":\"Isabelle Recloux Management\",\"description\":\"Formation - Consultance - Accompagnement\",\"publisher\":{\"@id\":\"https:\\\/\\\/isabellerecloux.be\\\/#organization\"},\"potentialAction\":[{\"@type\":\"SearchAction\",\"target\":{\"@type\":\"EntryPoint\",\"urlTemplate\":\"https:\\\/\\\/isabellerecloux.be\\\/?s={search_term_string}\"},\"query-input\":{\"@type\":\"PropertyValueSpecification\",\"valueRequired\":true,\"valueName\":\"search_term_string\"}}],\"inLanguage\":\"fr-FR\"},{\"@type\":\"Organization\",\"@id\":\"https:\\\/\\\/isabellerecloux.be\\\/#organization\",\"name\":\"Isabelle Recloux Management\",\"alternateName\":\"Isabelle Recloux\",\"url\":\"https:\\\/\\\/isabellerecloux.be\\\/\",\"logo\":{\"@type\":\"ImageObject\",\"inLanguage\":\"fr-FR\",\"@id\":\"https:\\\/\\\/isabellerecloux.be\\\/#\\\/schema\\\/logo\\\/image\\\/\",\"url\":\"https:\\\/\\\/isabellerecloux.be\\\/wp-content\\\/uploads\\\/2023\\\/06\\\/cropped-Logo-IRM.png\",\"contentUrl\":\"https:\\\/\\\/isabellerecloux.be\\\/wp-content\\\/uploads\\\/2023\\\/06\\\/cropped-Logo-IRM.png\",\"width\":512,\"height\":512,\"caption\":\"Isabelle Recloux Management\"},\"image\":{\"@id\":\"https:\\\/\\\/isabellerecloux.be\\\/#\\\/schema\\\/logo\\\/image\\\/\"},\"sameAs\":[\"https:\\\/\\\/facebook.com\\\/isabellereclouxmanagement\",\"https:\\\/\\\/www.linkedin.com\\\/in\\\/isabellerecloux\\\/\"]}]}<\/script>\n<!-- \/ Yoast SEO plugin. -->","yoast_head_json":{"title":"Formations - Isabelle Recloux Management","description":"Formations en communication, management, gestion du stress. Formateurs certifi\u00e9s. Formats pr\u00e9sentiel, digital, hybride.","robots":{"index":"index","follow":"follow","max-snippet":"max-snippet:-1","max-image-preview":"max-image-preview:large","max-video-preview":"max-video-preview:-1"},"canonical":"https:\/\/isabellerecloux.be\/index.php\/formations\/","og_locale":"fr_FR","og_type":"article","og_title":"Formations - Isabelle Recloux Management","og_description":"Formations en communication, management, gestion du stress. Formateurs certifi\u00e9s. Formats pr\u00e9sentiel, digital, hybride.","og_url":"https:\/\/isabellerecloux.be\/index.php\/formations\/","og_site_name":"Isabelle Recloux Management","article_publisher":"https:\/\/facebook.com\/isabellereclouxmanagement","article_modified_time":"2023-09-15T11:57:59+00:00","og_image":[{"url":"https:\/\/isabellerecloux.be\/wp-content\/uploads\/2023\/07\/pexels-christina-morillo-1181615-1536x1025.jpg","type":"","width":"","height":""}],"twitter_card":"summary_large_image","twitter_misc":{"Dur\u00e9e de lecture estim\u00e9e":"2 minutes"},"schema":{"@context":"https:\/\/schema.org","@graph":[{"@type":"WebPage","@id":"https:\/\/isabellerecloux.be\/index.php\/formations\/","url":"https:\/\/isabellerecloux.be\/index.php\/formations\/","name":"Formations - Isabelle Recloux Management","isPartOf":{"@id":"https:\/\/isabellerecloux.be\/#website"},"primaryImageOfPage":{"@id":"https:\/\/isabellerecloux.be\/index.php\/formations\/#primaryimage"},"image":{"@id":"https:\/\/isabellerecloux.be\/index.php\/formations\/#primaryimage"},"thumbnailUrl":"https:\/\/isabellerecloux.be\/wp-content\/uploads\/2023\/07\/pexels-christina-morillo-1181615-1536x1025.jpg","datePublished":"2023-06-27T20:00:50+00:00","dateModified":"2023-09-15T11:57:59+00:00","description":"Formations en communication, management, gestion du stress. Formateurs certifi\u00e9s. Formats pr\u00e9sentiel, digital, hybride.","breadcrumb":{"@id":"https:\/\/isabellerecloux.be\/index.php\/formations\/#breadcrumb"},"inLanguage":"fr-FR","potentialAction":[{"@type":"ReadAction","target":["https:\/\/isabellerecloux.be\/index.php\/formations\/"]}]},{"@type":"ImageObject","inLanguage":"fr-FR","@id":"https:\/\/isabellerecloux.be\/index.php\/formations\/#primaryimage","url":"https:\/\/isabellerecloux.be\/wp-content\/uploads\/2023\/07\/pexels-christina-morillo-1181615-scaled.jpg","contentUrl":"https:\/\/isabellerecloux.be\/wp-content\/uploads\/2023\/07\/pexels-christina-morillo-1181615-scaled.jpg","width":2560,"height":1709,"caption":"Catalogue de formations en pr\u00e9sentiel"},{"@type":"BreadcrumbList","@id":"https:\/\/isabellerecloux.be\/index.php\/formations\/#breadcrumb","itemListElement":[{"@type":"ListItem","position":1,"name":"Accueil","item":"https:\/\/isabellerecloux.be\/"},{"@type":"ListItem","position":2,"name":"Formations"}]},{"@type":"WebSite","@id":"https:\/\/isabellerecloux.be\/#website","url":"https:\/\/isabellerecloux.be\/","name":"Isabelle Recloux Management","description":"Formation - Consultance - Accompagnement","publisher":{"@id":"https:\/\/isabellerecloux.be\/#organization"},"potentialAction":[{"@type":"SearchAction","target":{"@type":"EntryPoint","urlTemplate":"https:\/\/isabellerecloux.be\/?s={search_term_string}"},"query-input":{"@type":"PropertyValueSpecification","valueRequired":true,"valueName":"search_term_string"}}],"inLanguage":"fr-FR"},{"@type":"Organization","@id":"https:\/\/isabellerecloux.be\/#organization","name":"Isabelle Recloux Management","alternateName":"Isabelle Recloux","url":"https:\/\/isabellerecloux.be\/","logo":{"@type":"ImageObject","inLanguage":"fr-FR","@id":"https:\/\/isabellerecloux.be\/#\/schema\/logo\/image\/","url":"https:\/\/isabellerecloux.be\/wp-content\/uploads\/2023\/06\/cropped-Logo-IRM.png","contentUrl":"https:\/\/isabellerecloux.be\/wp-content\/uploads\/2023\/06\/cropped-Logo-IRM.png","width":512,"height":512,"caption":"Isabelle Recloux Management"},"image":{"@id":"https:\/\/isabellerecloux.be\/#\/schema\/logo\/image\/"},"sameAs":["https:\/\/facebook.com\/isabellereclouxmanagement","https:\/\/www.linkedin.com\/in\/isabellerecloux\/"]}]}},"mfb_rest_fields":["title","yoast_head","yoast_head_json","gutenberg_elementor_mode"],"_links":{"self":[{"href":"https:\/\/isabellerecloux.be\/index.php\/wp-json\/wp\/v2\/pages\/24","targetHints":{"allow":["GET"]}}],"collection":[{"href":"https:\/\/isabellerecloux.be\/index.php\/wp-json\/wp\/v2\/pages"}],"about":[{"href":"https:\/\/isabellerecloux.be\/index.php\/wp-json\/wp\/v2\/types\/page"}],"author":[{"embeddable":true,"href":"https:\/\/isabellerecloux.be\/index.php\/wp-json\/wp\/v2\/users\/1"}],"replies":[{"embeddable":true,"href":"https:\/\/isabellerecloux.be\/index.php\/wp-json\/wp\/v2\/comments?post=24"}],"version-history":[{"count":101,"href":"https:\/\/isabellerecloux.be\/index.php\/wp-json\/wp\/v2\/pages\/24\/revisions"}],"predecessor-version":[{"id":1331,"href":"https:\/\/isabellerecloux.be\/index.php\/wp-json\/wp\/v2\/pages\/24\/revisions\/1331"}],"wp:attachment":[{"href":"https:\/\/isabellerecloux.be\/index.php\/wp-json\/wp\/v2\/media?parent=24"}],"curies":[{"name":"wp","href":"https:\/\/api.w.org\/{rel}","templated":true}]}}