{"id":20,"date":"2023-06-27T21:57:20","date_gmt":"2023-06-27T19:57:20","guid":{"rendered":"https:\/\/isabellerecloux.be\/?page_id=20"},"modified":"2024-02-27T16:38:04","modified_gmt":"2024-02-27T15:38:04","slug":"actualites-formation-communication","status":"publish","type":"page","link":"https:\/\/isabellerecloux.be\/index.php\/actualites-formation-communication\/","title":{"rendered":"Actualit\u00e9s"},"content":{"rendered":"\t\t<div data-elementor-type=\"wp-page\" data-elementor-id=\"20\" class=\"elementor elementor-20\">\n\t\t\t\t\t\t<section class=\"elementor-section elementor-top-section elementor-element elementor-element-6363371 elementor-section-boxed elementor-section-height-default elementor-section-height-default\" data-id=\"6363371\" data-element_type=\"section\" data-e-type=\"section\">\n\t\t\t\t\t\t<div class=\"elementor-container elementor-column-gap-default\">\n\t\t\t\t\t<div class=\"elementor-column elementor-col-100 elementor-top-column elementor-element elementor-element-764cfb9\" data-id=\"764cfb9\" data-element_type=\"column\" data-e-type=\"column\">\n\t\t\t<div class=\"elementor-widget-wrap elementor-element-populated\">\n\t\t\t\t\t\t<div class=\"elementor-element elementor-element-c38d5f8 elementor-widget elementor-widget-heading\" data-id=\"c38d5f8\" data-element_type=\"widget\" data-e-type=\"widget\" data-widget_type=\"heading.default\">\n\t\t\t\t<div class=\"elementor-widget-container\">\n\t\t\t\t\t<h2 class=\"elementor-heading-title elementor-size-default\">News<\/h2>\t\t\t\t<\/div>\n\t\t\t\t<\/div>\n\t\t\t\t\t<\/div>\n\t\t<\/div>\n\t\t\t\t\t<\/div>\n\t\t<\/section>\n\t\t\t\t<section class=\"elementor-section elementor-top-section elementor-element elementor-element-54a4d8d elementor-section-boxed elementor-section-height-default elementor-section-height-default\" data-id=\"54a4d8d\" data-element_type=\"section\" data-e-type=\"section\">\n\t\t\t\t\t\t<div class=\"elementor-container elementor-column-gap-default\">\n\t\t\t\t\t<div class=\"elementor-column elementor-col-100 elementor-top-column elementor-element elementor-element-5702639\" data-id=\"5702639\" data-element_type=\"column\" data-e-type=\"column\">\n\t\t\t<div class=\"elementor-widget-wrap elementor-element-populated\">\n\t\t\t\t\t\t<div class=\"elementor-element elementor-element-142a36c elementor-arrows-position-inside elementor-pagination-position-outside elementor-widget elementor-widget-image-carousel\" data-id=\"142a36c\" data-element_type=\"widget\" data-e-type=\"widget\" data-settings=\"{&quot;navigation&quot;:&quot;both&quot;,&quot;autoplay&quot;:&quot;yes&quot;,&quot;pause_on_hover&quot;:&quot;yes&quot;,&quot;pause_on_interaction&quot;:&quot;yes&quot;,&quot;autoplay_speed&quot;:5000,&quot;infinite&quot;:&quot;yes&quot;,&quot;speed&quot;:500}\" data-widget_type=\"image-carousel.default\">\n\t\t\t\t<div class=\"elementor-widget-container\">\n\t\t\t\t\t\t\t<div class=\"elementor-image-carousel-wrapper swiper\" role=\"region\" aria-roledescription=\"carousel\" aria-label=\"Carrousel d\u2019images\" dir=\"ltr\">\n\t\t\t<div class=\"elementor-image-carousel swiper-wrapper\" aria-live=\"off\">\n\t\t\t\t\t\t\t\t<div class=\"swiper-slide\" role=\"group\" aria-roledescription=\"slide\" aria-label=\"1 sur 3\"><figure class=\"swiper-slide-inner\"><img decoding=\"async\" class=\"swiper-slide-image\" src=\"https:\/\/isabellerecloux.be\/wp-content\/uploads\/2024\/02\/Stress-Fecofi-29032024-300x251.jpg\" alt=\"stress et d\u00e9lais\" \/><figcaption class=\"elementor-image-carousel-caption\">Formation gestion du stress et des d\u00e9lais le 24 mars 2024 - FeCoFi<\/figcaption><\/figure><\/div><div class=\"swiper-slide\" role=\"group\" aria-roledescription=\"slide\" aria-label=\"2 sur 3\"><figure class=\"swiper-slide-inner\"><img decoding=\"async\" class=\"swiper-slide-image\" src=\"https:\/\/isabellerecloux.be\/wp-content\/uploads\/2024\/01\/Pink-and-White-Modern-Women-Entrepreneurs-Conference-Flyer-LinkedIn-Post-1-300x300.webp\" alt=\"Rencontre-atelier : &quot;Femme entreprenante - Aujourd&#039;hui, je m&#039;affirme &quot;\" \/><figcaption class=\"elementor-image-carousel-caption\">Rencontre-atelier : \"Femme entreprenante - Aujourd'hui, je m'affirme \"<\/figcaption><\/figure><\/div><div class=\"swiper-slide\" role=\"group\" aria-roledescription=\"slide\" aria-label=\"3 sur 3\"><figure class=\"swiper-slide-inner\"><img decoding=\"async\" class=\"swiper-slide-image\" src=\"https:\/\/isabellerecloux.be\/wp-content\/uploads\/2023\/10\/Nouvelle-formation-bientot-300x300.png\" alt=\"formation communication\" \/><figcaption class=\"elementor-image-carousel-caption\">Disponible bient\u00f4t !<\/figcaption><\/figure><\/div>\t\t\t<\/div>\n\t\t\t\t\t\t\t\t\t\t\t\t<div class=\"elementor-swiper-button elementor-swiper-button-prev\" role=\"button\" tabindex=\"0\">\n\t\t\t\t\t\t<i aria-hidden=\"true\" class=\"eicon-chevron-left\"><\/i>\t\t\t\t\t<\/div>\n\t\t\t\t\t<div class=\"elementor-swiper-button elementor-swiper-button-next\" role=\"button\" tabindex=\"0\">\n\t\t\t\t\t\t<i aria-hidden=\"true\" class=\"eicon-chevron-right\"><\/i>\t\t\t\t\t<\/div>\n\t\t\t\t\n\t\t\t\t\t\t\t\t\t<div class=\"swiper-pagination\"><\/div>\n\t\t\t\t\t\t\t\t\t<\/div>\n\t\t\t\t\t\t<\/div>\n\t\t\t\t<\/div>\n\t\t\t\t\t<\/div>\n\t\t<\/div>\n\t\t\t\t\t<\/div>\n\t\t<\/section>\n\t\t\t\t<section class=\"elementor-section elementor-top-section elementor-element elementor-element-aeef432 elementor-section-boxed elementor-section-height-default elementor-section-height-default\" data-id=\"aeef432\" data-element_type=\"section\" data-e-type=\"section\">\n\t\t\t\t\t\t<div class=\"elementor-container elementor-column-gap-default\">\n\t\t\t\t\t<div class=\"elementor-column elementor-col-100 elementor-top-column elementor-element elementor-element-396ad84\" data-id=\"396ad84\" data-element_type=\"column\" data-e-type=\"column\">\n\t\t\t<div class=\"elementor-widget-wrap elementor-element-populated\">\n\t\t\t\t\t\t<div class=\"elementor-element elementor-element-bb645ed elementor-widget elementor-widget-heading\" data-id=\"bb645ed\" data-element_type=\"widget\" data-e-type=\"widget\" data-widget_type=\"heading.default\">\n\t\t\t\t<div class=\"elementor-widget-container\">\n\t\t\t\t\t<h2 class=\"elementor-heading-title elementor-size-default\">Articles<\/h2>\t\t\t\t<\/div>\n\t\t\t\t<\/div>\n\t\t\t\t\t<\/div>\n\t\t<\/div>\n\t\t\t\t\t<\/div>\n\t\t<\/section>\n\t\t\t\t<section class=\"elementor-section elementor-top-section elementor-element elementor-element-ee602df elementor-section-boxed elementor-section-height-default elementor-section-height-default\" data-id=\"ee602df\" data-element_type=\"section\" data-e-type=\"section\">\n\t\t\t\t\t\t<div class=\"elementor-container elementor-column-gap-default\">\n\t\t\t\t\t<div class=\"elementor-column elementor-col-25 elementor-top-column elementor-element elementor-element-f9d59e0\" data-id=\"f9d59e0\" data-element_type=\"column\" data-e-type=\"column\">\n\t\t\t<div class=\"elementor-widget-wrap elementor-element-populated\">\n\t\t\t\t\t\t<div class=\"elementor-element elementor-element-feb5776 elementor-widget elementor-widget-image\" data-id=\"feb5776\" data-element_type=\"widget\" data-e-type=\"widget\" data-widget_type=\"image.default\">\n\t\t\t\t<div class=\"elementor-widget-container\">\n\t\t\t\t\t\t\t\t\t\t\t\t<figure class=\"wp-caption\">\n\t\t\t\t\t\t\t\t\t\t\t<a href=\"https:\/\/www.fecofi.be\/fr\/formation\/detail\/la-gestion-du-stress-et-des-delais-8669\">\n\t\t\t\t\t\t\t<img fetchpriority=\"high\" decoding=\"async\" width=\"940\" height=\"788\" src=\"https:\/\/isabellerecloux.be\/wp-content\/uploads\/2024\/02\/Stress-Fecofi-29032024.jpg\" class=\"attachment-large size-large wp-image-3831\" alt=\"stress et d\u00e9lais\" srcset=\"https:\/\/isabellerecloux.be\/wp-content\/uploads\/2024\/02\/Stress-Fecofi-29032024.jpg 940w, https:\/\/isabellerecloux.be\/wp-content\/uploads\/2024\/02\/Stress-Fecofi-29032024-300x251.jpg 300w, https:\/\/isabellerecloux.be\/wp-content\/uploads\/2024\/02\/Stress-Fecofi-29032024-768x644.jpg 768w\" sizes=\"(max-width: 940px) 100vw, 940px\" \/>\t\t\t\t\t\t\t\t<\/a>\n\t\t\t\t\t\t\t\t\t\t\t<figcaption class=\"widget-image-caption wp-caption-text\">Formation gestion du stress et des d\u00e9lais le 24 mars 2024 - FeCoFi<\/figcaption>\n\t\t\t\t\t\t\t\t\t\t<\/figure>\n\t\t\t\t\t\t\t\t\t<\/div>\n\t\t\t\t<\/div>\n\t\t\t\t\t<\/div>\n\t\t<\/div>\n\t\t\t\t<div class=\"elementor-column elementor-col-25 elementor-top-column elementor-element elementor-element-b72bffe\" data-id=\"b72bffe\" data-element_type=\"column\" data-e-type=\"column\">\n\t\t\t<div class=\"elementor-widget-wrap elementor-element-populated\">\n\t\t\t\t\t\t<div class=\"elementor-element elementor-element-97dd2a5 elementor-widget elementor-widget-image\" data-id=\"97dd2a5\" data-element_type=\"widget\" data-e-type=\"widget\" data-widget_type=\"image.default\">\n\t\t\t\t<div class=\"elementor-widget-container\">\n\t\t\t\t\t\t\t\t\t\t\t\t<figure class=\"wp-caption\">\n\t\t\t\t\t\t\t\t\t\t\t<a href=\"https:\/\/isabellerecloux.be\/index.php\/2024\/01\/02\/comment-mesurer-limpact-dune-formation-soft-skills\/\" target=\"_blank\">\n\t\t\t\t\t\t\t<img decoding=\"async\" width=\"150\" height=\"150\" src=\"https:\/\/isabellerecloux.be\/wp-content\/uploads\/2024\/01\/pexels-lukas-590041-150x150.webp\" class=\"attachment-thumbnail size-thumbnail wp-image-3011\" alt=\"kpi\" \/>\t\t\t\t\t\t\t\t<\/a>\n\t\t\t\t\t\t\t\t\t\t\t<figcaption class=\"widget-image-caption wp-caption-text\">Comment mesurer l'impact d'une formation soft skills ?<\/figcaption>\n\t\t\t\t\t\t\t\t\t\t<\/figure>\n\t\t\t\t\t\t\t\t\t<\/div>\n\t\t\t\t<\/div>\n\t\t\t\t\t<\/div>\n\t\t<\/div>\n\t\t\t\t<div class=\"elementor-column elementor-col-25 elementor-top-column elementor-element elementor-element-eaedde6\" data-id=\"eaedde6\" data-element_type=\"column\" data-e-type=\"column\">\n\t\t\t<div class=\"elementor-widget-wrap elementor-element-populated\">\n\t\t\t\t\t\t<div class=\"elementor-element elementor-element-1c7e2dc elementor-widget elementor-widget-image\" data-id=\"1c7e2dc\" data-element_type=\"widget\" data-e-type=\"widget\" data-widget_type=\"image.default\">\n\t\t\t\t<div class=\"elementor-widget-container\">\n\t\t\t\t\t\t\t\t\t\t\t\t<figure class=\"wp-caption\">\n\t\t\t\t\t\t\t\t\t\t\t<a href=\"https:\/\/isabellerecloux.be\/index.php\/2023\/12\/30\/motiver-votre-equipe-en-periode-de-changement-de-ladversite-a-lopportunite\/\" target=\"_blank\">\n\t\t\t\t\t\t\t<img decoding=\"async\" width=\"150\" height=\"150\" src=\"https:\/\/isabellerecloux.be\/wp-content\/uploads\/2023\/12\/pexels-alena-darmel-7710118-150x150.webp\" class=\"attachment-thumbnail size-thumbnail wp-image-2996\" alt=\"\u00e9quipe\" \/>\t\t\t\t\t\t\t\t<\/a>\n\t\t\t\t\t\t\t\t\t\t\t<figcaption class=\"widget-image-caption wp-caption-text\">Faire du changement une aventure collective !<\/figcaption>\n\t\t\t\t\t\t\t\t\t\t<\/figure>\n\t\t\t\t\t\t\t\t\t<\/div>\n\t\t\t\t<\/div>\n\t\t\t\t\t<\/div>\n\t\t<\/div>\n\t\t\t\t<div class=\"elementor-column elementor-col-25 elementor-top-column elementor-element elementor-element-37f282e\" data-id=\"37f282e\" data-element_type=\"column\" data-e-type=\"column\">\n\t\t\t<div class=\"elementor-widget-wrap elementor-element-populated\">\n\t\t\t\t\t\t<div class=\"elementor-element elementor-element-af728ad elementor-widget elementor-widget-image\" data-id=\"af728ad\" data-element_type=\"widget\" data-e-type=\"widget\" data-widget_type=\"image.default\">\n\t\t\t\t<div class=\"elementor-widget-container\">\n\t\t\t\t\t\t\t\t\t\t\t\t<figure class=\"wp-caption\">\n\t\t\t\t\t\t\t\t\t\t\t<a href=\"https:\/\/isabellerecloux.be\/index.php\/2023\/11\/07\/les-soft-skills-latout-incontournable-pour-votre-reussite-professionnelle\/\">\n\t\t\t\t\t\t\t<img loading=\"lazy\" decoding=\"async\" width=\"150\" height=\"150\" src=\"https:\/\/isabellerecloux.be\/wp-content\/uploads\/2023\/11\/pexels-fauxels-3184431-1-1-150x150.jpg\" class=\"attachment-thumbnail size-thumbnail wp-image-2748\" alt=\"soft skills\" \/>\t\t\t\t\t\t\t\t<\/a>\n\t\t\t\t\t\t\t\t\t\t\t<figcaption class=\"widget-image-caption wp-caption-text\">Les soft skills : l\u2019atout incontournable pour votre r\u00e9ussite professionnelle !<\/figcaption>\n\t\t\t\t\t\t\t\t\t\t<\/figure>\n\t\t\t\t\t\t\t\t\t<\/div>\n\t\t\t\t<\/div>\n\t\t\t\t\t<\/div>\n\t\t<\/div>\n\t\t\t\t\t<\/div>\n\t\t<\/section>\n\t\t\t\t<section class=\"elementor-section elementor-top-section elementor-element elementor-element-ed14a6e elementor-section-boxed elementor-section-height-default elementor-section-height-default\" data-id=\"ed14a6e\" data-element_type=\"section\" data-e-type=\"section\">\n\t\t\t\t\t\t<div class=\"elementor-container elementor-column-gap-default\">\n\t\t\t\t\t<div class=\"elementor-column elementor-col-25 elementor-top-column elementor-element elementor-element-111ebba\" data-id=\"111ebba\" data-element_type=\"column\" data-e-type=\"column\">\n\t\t\t<div class=\"elementor-widget-wrap elementor-element-populated\">\n\t\t\t\t\t\t<div class=\"elementor-element elementor-element-236c0fb elementor-widget elementor-widget-image\" data-id=\"236c0fb\" data-element_type=\"widget\" data-e-type=\"widget\" data-widget_type=\"image.default\">\n\t\t\t\t<div class=\"elementor-widget-container\">\n\t\t\t\t\t\t\t\t\t\t\t\t<figure class=\"wp-caption\">\n\t\t\t\t\t\t\t\t\t\t\t<a href=\"https:\/\/isabellerecloux.be\/index.php\/2023\/10\/25\/manager-et-gentil-et-si-cetait-compatible\/\">\n\t\t\t\t\t\t\t<img loading=\"lazy\" decoding=\"async\" width=\"1024\" height=\"683\" src=\"https:\/\/isabellerecloux.be\/wp-content\/uploads\/2023\/10\/pexels-cowomen-2041393-1024x683.jpg\" class=\"attachment-large size-large wp-image-2151\" alt=\"manager bienveillant\" srcset=\"https:\/\/isabellerecloux.be\/wp-content\/uploads\/2023\/10\/pexels-cowomen-2041393-1024x683.jpg 1024w, https:\/\/isabellerecloux.be\/wp-content\/uploads\/2023\/10\/pexels-cowomen-2041393-300x200.jpg 300w, https:\/\/isabellerecloux.be\/wp-content\/uploads\/2023\/10\/pexels-cowomen-2041393-768x512.jpg 768w, https:\/\/isabellerecloux.be\/wp-content\/uploads\/2023\/10\/pexels-cowomen-2041393-1536x1024.jpg 1536w, https:\/\/isabellerecloux.be\/wp-content\/uploads\/2023\/10\/pexels-cowomen-2041393-2048x1365.jpg 2048w\" sizes=\"(max-width: 1024px) 100vw, 1024px\" \/>\t\t\t\t\t\t\t\t<\/a>\n\t\t\t\t\t\t\t\t\t\t\t<figcaption class=\"widget-image-caption wp-caption-text\">Manager et gentil : et si c\u2019\u00e9tait compatible ?<\/figcaption>\n\t\t\t\t\t\t\t\t\t\t<\/figure>\n\t\t\t\t\t\t\t\t\t<\/div>\n\t\t\t\t<\/div>\n\t\t\t\t\t<\/div>\n\t\t<\/div>\n\t\t\t\t<div class=\"elementor-column elementor-col-25 elementor-top-column elementor-element elementor-element-6757acd\" data-id=\"6757acd\" data-element_type=\"column\" data-e-type=\"column\">\n\t\t\t<div class=\"elementor-widget-wrap elementor-element-populated\">\n\t\t\t\t\t\t<div class=\"elementor-element elementor-element-dcdad5b elementor-widget elementor-widget-image\" data-id=\"dcdad5b\" data-element_type=\"widget\" data-e-type=\"widget\" data-widget_type=\"image.default\">\n\t\t\t\t<div class=\"elementor-widget-container\">\n\t\t\t\t\t\t\t\t\t\t\t\t<figure class=\"wp-caption\">\n\t\t\t\t\t\t\t\t\t\t\t<a href=\"https:\/\/isabellerecloux.be\/index.php\/2023\/10\/25\/savez-vous-dire-non-au-travail\/\">\n\t\t\t\t\t\t\t<img loading=\"lazy\" decoding=\"async\" width=\"1024\" height=\"683\" src=\"https:\/\/isabellerecloux.be\/wp-content\/uploads\/2023\/10\/pexels-vie-studio-4439421-1024x683.jpg\" class=\"attachment-large size-large wp-image-2137\" alt=\"dire non\" srcset=\"https:\/\/isabellerecloux.be\/wp-content\/uploads\/2023\/10\/pexels-vie-studio-4439421-1024x683.jpg 1024w, https:\/\/isabellerecloux.be\/wp-content\/uploads\/2023\/10\/pexels-vie-studio-4439421-300x200.jpg 300w, https:\/\/isabellerecloux.be\/wp-content\/uploads\/2023\/10\/pexels-vie-studio-4439421-768x512.jpg 768w, https:\/\/isabellerecloux.be\/wp-content\/uploads\/2023\/10\/pexels-vie-studio-4439421-1536x1024.jpg 1536w, https:\/\/isabellerecloux.be\/wp-content\/uploads\/2023\/10\/pexels-vie-studio-4439421-2048x1365.jpg 2048w\" sizes=\"(max-width: 1024px) 100vw, 1024px\" \/>\t\t\t\t\t\t\t\t<\/a>\n\t\t\t\t\t\t\t\t\t\t\t<figcaption class=\"widget-image-caption wp-caption-text\">Savez-vous dire \"non\" au travail ?<\/figcaption>\n\t\t\t\t\t\t\t\t\t\t<\/figure>\n\t\t\t\t\t\t\t\t\t<\/div>\n\t\t\t\t<\/div>\n\t\t\t\t\t<\/div>\n\t\t<\/div>\n\t\t\t\t<div class=\"elementor-column elementor-col-25 elementor-top-column elementor-element elementor-element-ea14420\" data-id=\"ea14420\" data-element_type=\"column\" data-e-type=\"column\">\n\t\t\t<div class=\"elementor-widget-wrap elementor-element-populated\">\n\t\t\t\t\t\t<div class=\"elementor-element elementor-element-2869a56 elementor-widget elementor-widget-image\" data-id=\"2869a56\" data-element_type=\"widget\" data-e-type=\"widget\" data-widget_type=\"image.default\">\n\t\t\t\t<div class=\"elementor-widget-container\">\n\t\t\t\t\t\t\t\t\t\t\t\t<figure class=\"wp-caption\">\n\t\t\t\t\t\t\t\t\t\t\t<a href=\"https:\/\/isabellerecloux.be\/index.php\/2023\/08\/07\/le-blended-learning-sous-la-loupe\/\">\n\t\t\t\t\t\t\t<img loading=\"lazy\" decoding=\"async\" width=\"1024\" height=\"683\" src=\"https:\/\/isabellerecloux.be\/wp-content\/uploads\/2023\/09\/pexels-ivan-samkov-4458554-1024x683.jpg\" class=\"attachment-large size-large wp-image-1223\" alt=\"blended learning\" srcset=\"https:\/\/isabellerecloux.be\/wp-content\/uploads\/2023\/09\/pexels-ivan-samkov-4458554-1024x683.jpg 1024w, https:\/\/isabellerecloux.be\/wp-content\/uploads\/2023\/09\/pexels-ivan-samkov-4458554-300x200.jpg 300w, https:\/\/isabellerecloux.be\/wp-content\/uploads\/2023\/09\/pexels-ivan-samkov-4458554-768x512.jpg 768w, https:\/\/isabellerecloux.be\/wp-content\/uploads\/2023\/09\/pexels-ivan-samkov-4458554-1536x1024.jpg 1536w, https:\/\/isabellerecloux.be\/wp-content\/uploads\/2023\/09\/pexels-ivan-samkov-4458554-2048x1365.jpg 2048w\" sizes=\"(max-width: 1024px) 100vw, 1024px\" \/>\t\t\t\t\t\t\t\t<\/a>\n\t\t\t\t\t\t\t\t\t\t\t<figcaption class=\"widget-image-caption wp-caption-text\">Le blended learning sous la loupe<\/figcaption>\n\t\t\t\t\t\t\t\t\t\t<\/figure>\n\t\t\t\t\t\t\t\t\t<\/div>\n\t\t\t\t<\/div>\n\t\t\t\t\t<\/div>\n\t\t<\/div>\n\t\t\t\t<div class=\"elementor-column elementor-col-25 elementor-top-column elementor-element elementor-element-4406080\" data-id=\"4406080\" data-element_type=\"column\" data-e-type=\"column\">\n\t\t\t<div class=\"elementor-widget-wrap elementor-element-populated\">\n\t\t\t\t\t\t<div class=\"elementor-element elementor-element-c1b4c11 elementor-widget elementor-widget-image\" data-id=\"c1b4c11\" data-element_type=\"widget\" data-e-type=\"widget\" data-widget_type=\"image.default\">\n\t\t\t\t<div class=\"elementor-widget-container\">\n\t\t\t\t\t\t\t\t\t\t\t\t<figure class=\"wp-caption\">\n\t\t\t\t\t\t\t\t\t\t\t<a href=\"https:\/\/isabellerecloux.be\/index.php\/2023\/12\/19\/7-conseils-pour-developper-votre-ecoute-active\/\" target=\"_blank\">\n\t\t\t\t\t\t\t<img loading=\"lazy\" decoding=\"async\" width=\"1024\" height=\"683\" src=\"https:\/\/isabellerecloux.be\/wp-content\/uploads\/2023\/07\/pexels-kampus-production-8171204-1024x683.jpg\" class=\"attachment-large size-large wp-image-230\" alt=\"\u00e9coute active\" srcset=\"https:\/\/isabellerecloux.be\/wp-content\/uploads\/2023\/07\/pexels-kampus-production-8171204-1024x683.jpg 1024w, https:\/\/isabellerecloux.be\/wp-content\/uploads\/2023\/07\/pexels-kampus-production-8171204-300x200.jpg 300w, https:\/\/isabellerecloux.be\/wp-content\/uploads\/2023\/07\/pexels-kampus-production-8171204-768x512.jpg 768w\" sizes=\"(max-width: 1024px) 100vw, 1024px\" \/>\t\t\t\t\t\t\t\t<\/a>\n\t\t\t\t\t\t\t\t\t\t\t<figcaption class=\"widget-image-caption wp-caption-text\">7 conseils pour d\u00e9velopper votre \u00e9coute active<\/figcaption>\n\t\t\t\t\t\t\t\t\t\t<\/figure>\n\t\t\t\t\t\t\t\t\t<\/div>\n\t\t\t\t<\/div>\n\t\t\t\t\t<\/div>\n\t\t<\/div>\n\t\t\t\t\t<\/div>\n\t\t<\/section>\n\t\t\t\t<section class=\"elementor-section elementor-top-section elementor-element elementor-element-70ef635 elementor-section-boxed elementor-section-height-default elementor-section-height-default\" data-id=\"70ef635\" data-element_type=\"section\" data-e-type=\"section\">\n\t\t\t\t\t\t<div class=\"elementor-container elementor-column-gap-default\">\n\t\t\t\t\t<div class=\"elementor-column elementor-col-25 elementor-top-column elementor-element elementor-element-71d2434\" data-id=\"71d2434\" data-element_type=\"column\" data-e-type=\"column\">\n\t\t\t<div class=\"elementor-widget-wrap elementor-element-populated\">\n\t\t\t\t\t\t<div class=\"elementor-element elementor-element-8aa51de elementor-widget elementor-widget-image\" data-id=\"8aa51de\" data-element_type=\"widget\" data-e-type=\"widget\" data-widget_type=\"image.default\">\n\t\t\t\t<div class=\"elementor-widget-container\">\n\t\t\t\t\t\t\t\t\t\t\t\t<figure class=\"wp-caption\">\n\t\t\t\t\t\t\t\t\t\t\t<a href=\"https:\/\/isabellerecloux.be\/index.php\/2023\/12\/19\/formation-manager-avec-le-modele-disc-15-12-2023-ccih\/\" target=\"_blank\">\n\t\t\t\t\t\t\t<img loading=\"lazy\" decoding=\"async\" width=\"150\" height=\"150\" src=\"https:\/\/isabellerecloux.be\/wp-content\/uploads\/2023\/12\/410911779_299720549727029_5920959250907637137_n-150x150.webp\" class=\"attachment-thumbnail size-thumbnail wp-image-2869\" alt=\"formation ccih\" \/>\t\t\t\t\t\t\t\t<\/a>\n\t\t\t\t\t\t\t\t\t\t\t<figcaption class=\"widget-image-caption wp-caption-text\">Formation \"Manager avec le mod\u00e8le DISC\" CCIH d\u00e9cembre 2023<\/figcaption>\n\t\t\t\t\t\t\t\t\t\t<\/figure>\n\t\t\t\t\t\t\t\t\t<\/div>\n\t\t\t\t<\/div>\n\t\t\t\t\t<\/div>\n\t\t<\/div>\n\t\t\t\t<div class=\"elementor-column elementor-col-25 elementor-top-column elementor-element elementor-element-219a9b1\" data-id=\"219a9b1\" data-element_type=\"column\" data-e-type=\"column\">\n\t\t\t<div class=\"elementor-widget-wrap elementor-element-populated\">\n\t\t\t\t\t\t<div class=\"elementor-element elementor-element-171f60e elementor-widget elementor-widget-image\" data-id=\"171f60e\" data-element_type=\"widget\" data-e-type=\"widget\" data-widget_type=\"image.default\">\n\t\t\t\t<div class=\"elementor-widget-container\">\n\t\t\t\t\t\t\t\t\t\t\t\t<figure class=\"wp-caption\">\n\t\t\t\t\t\t\t\t\t\t\t<a href=\"https:\/\/isabellerecloux.be\/index.php\/2023\/12\/11\/atelier-canva\/\" target=\"_blank\">\n\t\t\t\t\t\t\t<img loading=\"lazy\" decoding=\"async\" width=\"1024\" height=\"683\" src=\"https:\/\/isabellerecloux.be\/wp-content\/uploads\/2023\/12\/DSC02932-1024x683.webp\" class=\"attachment-large size-large wp-image-2828\" alt=\"Atelier Canva d\u00e9cembre 2023\" srcset=\"https:\/\/isabellerecloux.be\/wp-content\/uploads\/2023\/12\/DSC02932-1024x683.webp 1024w, https:\/\/isabellerecloux.be\/wp-content\/uploads\/2023\/12\/DSC02932-300x200.webp 300w, https:\/\/isabellerecloux.be\/wp-content\/uploads\/2023\/12\/DSC02932-768x512.webp 768w, https:\/\/isabellerecloux.be\/wp-content\/uploads\/2023\/12\/DSC02932-1536x1024.webp 1536w, https:\/\/isabellerecloux.be\/wp-content\/uploads\/2023\/12\/DSC02932-scaled.webp 1920w\" sizes=\"(max-width: 1024px) 100vw, 1024px\" \/>\t\t\t\t\t\t\t\t<\/a>\n\t\t\t\t\t\t\t\t\t\t\t<figcaption class=\"widget-image-caption wp-caption-text\">Atelier Canva pour publier sur Facebook - d\u00e9cembre 2023<\/figcaption>\n\t\t\t\t\t\t\t\t\t\t<\/figure>\n\t\t\t\t\t\t\t\t\t<\/div>\n\t\t\t\t<\/div>\n\t\t\t\t\t<\/div>\n\t\t<\/div>\n\t\t\t\t<div class=\"elementor-column elementor-col-25 elementor-top-column elementor-element elementor-element-bace057\" data-id=\"bace057\" data-element_type=\"column\" data-e-type=\"column\">\n\t\t\t<div class=\"elementor-widget-wrap\">\n\t\t\t\t\t\t\t<\/div>\n\t\t<\/div>\n\t\t\t\t<div class=\"elementor-column elementor-col-25 elementor-top-column elementor-element elementor-element-042c77e\" data-id=\"042c77e\" data-element_type=\"column\" data-e-type=\"column\">\n\t\t\t<div class=\"elementor-widget-wrap\">\n\t\t\t\t\t\t\t<\/div>\n\t\t<\/div>\n\t\t\t\t\t<\/div>\n\t\t<\/section>\n\t\t\t\t<section class=\"elementor-section elementor-top-section elementor-element elementor-element-9ae7e8a elementor-section-boxed elementor-section-height-default elementor-section-height-default\" data-id=\"9ae7e8a\" data-element_type=\"section\" data-e-type=\"section\">\n\t\t\t\t\t\t<div class=\"elementor-container elementor-column-gap-default\">\n\t\t\t\t\t<div class=\"elementor-column elementor-col-100 elementor-top-column elementor-element elementor-element-3a31a0d\" data-id=\"3a31a0d\" data-element_type=\"column\" data-e-type=\"column\">\n\t\t\t<div class=\"elementor-widget-wrap elementor-element-populated\">\n\t\t\t\t\t\t<div class=\"elementor-element elementor-element-e41166d elementor-widget elementor-widget-spacer\" data-id=\"e41166d\" data-element_type=\"widget\" data-e-type=\"widget\" data-widget_type=\"spacer.default\">\n\t\t\t\t<div class=\"elementor-widget-container\">\n\t\t\t\t\t\t\t<div class=\"elementor-spacer\">\n\t\t\t<div class=\"elementor-spacer-inner\"><\/div>\n\t\t<\/div>\n\t\t\t\t\t\t<\/div>\n\t\t\t\t<\/div>\n\t\t\t\t\t<\/div>\n\t\t<\/div>\n\t\t\t\t\t<\/div>\n\t\t<\/section>\n\t\t\t\t<section class=\"elementor-section elementor-top-section elementor-element elementor-element-7f9e3a5 elementor-section-boxed elementor-section-height-default elementor-section-height-default\" data-id=\"7f9e3a5\" data-element_type=\"section\" data-e-type=\"section\">\n\t\t\t\t\t\t<div class=\"elementor-container elementor-column-gap-default\">\n\t\t\t\t\t<div class=\"elementor-column elementor-col-100 elementor-top-column elementor-element elementor-element-c8ad042\" data-id=\"c8ad042\" data-element_type=\"column\" data-e-type=\"column\">\n\t\t\t<div class=\"elementor-widget-wrap elementor-element-populated\">\n\t\t\t\t\t\t<div class=\"elementor-element elementor-element-db29c93 elementor-widget elementor-widget-heading\" data-id=\"db29c93\" data-element_type=\"widget\" data-e-type=\"widget\" data-widget_type=\"heading.default\">\n\t\t\t\t<div class=\"elementor-widget-container\">\n\t\t\t\t\t<h2 class=\"elementor-heading-title elementor-size-default\">Pr\u00e9sentation d'IRM<\/h2>\t\t\t\t<\/div>\n\t\t\t\t<\/div>\n\t\t\t\t<div class=\"elementor-element elementor-element-4fee440 elementor-widget__width-initial elementor-widget elementor-widget-video\" data-id=\"4fee440\" data-element_type=\"widget\" data-e-type=\"widget\" data-settings=\"{&quot;youtube_url&quot;:&quot;https:\\\/\\\/youtu.be\\\/vY8q-YKQnuQ&quot;,&quot;loop&quot;:&quot;yes&quot;,&quot;video_type&quot;:&quot;youtube&quot;,&quot;controls&quot;:&quot;yes&quot;}\" data-widget_type=\"video.default\">\n\t\t\t\t<div class=\"elementor-widget-container\">\n\t\t\t\t\t\t\t<div class=\"elementor-wrapper elementor-open-inline\">\n\t\t\t<div class=\"elementor-video\"><\/div>\t\t<\/div>\n\t\t\t\t\t\t<\/div>\n\t\t\t\t<\/div>\n\t\t\t\t\t<\/div>\n\t\t<\/div>\n\t\t\t\t\t<\/div>\n\t\t<\/section>\n\t\t\t\t<\/div>\n\t\t","protected":false},"excerpt":{"rendered":"<p>News Formation gestion du stress et des d\u00e9lais le 24 mars 2024 &#8211; FeCoFi Rencontre-atelier : \u00ab\u00a0Femme entreprenante &#8211; Aujourd&rsquo;hui, je m&rsquo;affirme \u00ab\u00a0 Disponible bient\u00f4t ! Articles Formation gestion du stress et des d\u00e9lais le 24 mars 2024 &#8211; FeCoFi Comment mesurer l&rsquo;impact d&rsquo;une formation soft skills ? Faire du [&hellip;]<\/p>\n","protected":false},"author":1,"featured_media":0,"parent":0,"menu_order":0,"comment_status":"closed","ping_status":"closed","template":"","meta":{"_monsterinsights_skip_tracking":false,"_monsterinsights_sitenote_active":false,"_monsterinsights_sitenote_note":"","_monsterinsights_sitenote_category":0,"footnotes":""},"class_list":["post-20","page","type-page","status-publish","hentry"],"mb":[],"yoast_head":"<!-- This site is optimized with the Yoast SEO plugin v27.5 - https:\/\/yoast.com\/product\/yoast-seo-wordpress\/ -->\n<title>Actualit\u00e9s - Isabelle Recloux Management<\/title>\n<meta name=\"description\" content=\"Actualit\u00e9s Isabelle Recloux Management. Nouveaut\u00e9s et articles en communication - management - soft skills.\" \/>\n<meta name=\"robots\" content=\"index, follow, max-snippet:-1, max-image-preview:large, max-video-preview:-1\" \/>\n<link rel=\"canonical\" href=\"https:\/\/isabellerecloux.be\/index.php\/actualites-formation-communication\/\" \/>\n<meta property=\"og:locale\" content=\"fr_FR\" \/>\n<meta property=\"og:type\" content=\"article\" \/>\n<meta property=\"og:title\" content=\"Actualit\u00e9s - Isabelle Recloux Management\" \/>\n<meta property=\"og:description\" content=\"Actualit\u00e9s Isabelle Recloux Management. Nouveaut\u00e9s et articles en communication - management - soft skills.\" \/>\n<meta property=\"og:url\" content=\"https:\/\/isabellerecloux.be\/index.php\/actualites-formation-communication\/\" \/>\n<meta property=\"og:site_name\" content=\"Isabelle Recloux Management\" \/>\n<meta property=\"article:publisher\" content=\"https:\/\/facebook.com\/isabellereclouxmanagement\" \/>\n<meta property=\"article:modified_time\" content=\"2024-02-27T15:38:04+00:00\" \/>\n<meta property=\"og:image\" content=\"https:\/\/isabellerecloux.be\/wp-content\/uploads\/2024\/02\/Stress-Fecofi-29032024-300x251.jpg\" \/>\n<meta name=\"twitter:card\" content=\"summary_large_image\" \/>\n<meta name=\"twitter:label1\" content=\"Dur\u00e9e de lecture estim\u00e9e\" \/>\n\t<meta name=\"twitter:data1\" content=\"4 minutes\" \/>\n<script type=\"application\/ld+json\" class=\"yoast-schema-graph\">{\"@context\":\"https:\\\/\\\/schema.org\",\"@graph\":[{\"@type\":\"WebPage\",\"@id\":\"https:\\\/\\\/isabellerecloux.be\\\/index.php\\\/actualites-formation-communication\\\/\",\"url\":\"https:\\\/\\\/isabellerecloux.be\\\/index.php\\\/actualites-formation-communication\\\/\",\"name\":\"Actualit\u00e9s - Isabelle Recloux Management\",\"isPartOf\":{\"@id\":\"https:\\\/\\\/isabellerecloux.be\\\/#website\"},\"primaryImageOfPage\":{\"@id\":\"https:\\\/\\\/isabellerecloux.be\\\/index.php\\\/actualites-formation-communication\\\/#primaryimage\"},\"image\":{\"@id\":\"https:\\\/\\\/isabellerecloux.be\\\/index.php\\\/actualites-formation-communication\\\/#primaryimage\"},\"thumbnailUrl\":\"https:\\\/\\\/isabellerecloux.be\\\/wp-content\\\/uploads\\\/2024\\\/02\\\/Stress-Fecofi-29032024-300x251.jpg\",\"datePublished\":\"2023-06-27T19:57:20+00:00\",\"dateModified\":\"2024-02-27T15:38:04+00:00\",\"description\":\"Actualit\u00e9s Isabelle Recloux Management. Nouveaut\u00e9s et articles en communication - management - soft skills.\",\"breadcrumb\":{\"@id\":\"https:\\\/\\\/isabellerecloux.be\\\/index.php\\\/actualites-formation-communication\\\/#breadcrumb\"},\"inLanguage\":\"fr-FR\",\"potentialAction\":[{\"@type\":\"ReadAction\",\"target\":[\"https:\\\/\\\/isabellerecloux.be\\\/index.php\\\/actualites-formation-communication\\\/\"]}]},{\"@type\":\"ImageObject\",\"inLanguage\":\"fr-FR\",\"@id\":\"https:\\\/\\\/isabellerecloux.be\\\/index.php\\\/actualites-formation-communication\\\/#primaryimage\",\"url\":\"https:\\\/\\\/isabellerecloux.be\\\/wp-content\\\/uploads\\\/2024\\\/02\\\/Stress-Fecofi-29032024.jpg\",\"contentUrl\":\"https:\\\/\\\/isabellerecloux.be\\\/wp-content\\\/uploads\\\/2024\\\/02\\\/Stress-Fecofi-29032024.jpg\",\"width\":940,\"height\":788,\"caption\":\"Formation gestion du stress et des d\u00e9lais le 24 mars 2024 - FeCoFi\"},{\"@type\":\"BreadcrumbList\",\"@id\":\"https:\\\/\\\/isabellerecloux.be\\\/index.php\\\/actualites-formation-communication\\\/#breadcrumb\",\"itemListElement\":[{\"@type\":\"ListItem\",\"position\":1,\"name\":\"Accueil\",\"item\":\"https:\\\/\\\/isabellerecloux.be\\\/\"},{\"@type\":\"ListItem\",\"position\":2,\"name\":\"Actualit\u00e9s\"}]},{\"@type\":\"WebSite\",\"@id\":\"https:\\\/\\\/isabellerecloux.be\\\/#website\",\"url\":\"https:\\\/\\\/isabellerecloux.be\\\/\",\"name\":\"Isabelle Recloux Management\",\"description\":\"Formation - Consultance - Accompagnement\",\"publisher\":{\"@id\":\"https:\\\/\\\/isabellerecloux.be\\\/#organization\"},\"potentialAction\":[{\"@type\":\"SearchAction\",\"target\":{\"@type\":\"EntryPoint\",\"urlTemplate\":\"https:\\\/\\\/isabellerecloux.be\\\/?s={search_term_string}\"},\"query-input\":{\"@type\":\"PropertyValueSpecification\",\"valueRequired\":true,\"valueName\":\"search_term_string\"}}],\"inLanguage\":\"fr-FR\"},{\"@type\":\"Organization\",\"@id\":\"https:\\\/\\\/isabellerecloux.be\\\/#organization\",\"name\":\"Isabelle Recloux Management\",\"alternateName\":\"Isabelle Recloux\",\"url\":\"https:\\\/\\\/isabellerecloux.be\\\/\",\"logo\":{\"@type\":\"ImageObject\",\"inLanguage\":\"fr-FR\",\"@id\":\"https:\\\/\\\/isabellerecloux.be\\\/#\\\/schema\\\/logo\\\/image\\\/\",\"url\":\"https:\\\/\\\/isabellerecloux.be\\\/wp-content\\\/uploads\\\/2023\\\/06\\\/cropped-Logo-IRM.png\",\"contentUrl\":\"https:\\\/\\\/isabellerecloux.be\\\/wp-content\\\/uploads\\\/2023\\\/06\\\/cropped-Logo-IRM.png\",\"width\":512,\"height\":512,\"caption\":\"Isabelle Recloux Management\"},\"image\":{\"@id\":\"https:\\\/\\\/isabellerecloux.be\\\/#\\\/schema\\\/logo\\\/image\\\/\"},\"sameAs\":[\"https:\\\/\\\/facebook.com\\\/isabellereclouxmanagement\",\"https:\\\/\\\/www.linkedin.com\\\/in\\\/isabellerecloux\\\/\"]}]}<\/script>\n<!-- \/ Yoast SEO plugin. -->","yoast_head_json":{"title":"Actualit\u00e9s - Isabelle Recloux Management","description":"Actualit\u00e9s Isabelle Recloux Management. Nouveaut\u00e9s et articles en communication - management - soft skills.","robots":{"index":"index","follow":"follow","max-snippet":"max-snippet:-1","max-image-preview":"max-image-preview:large","max-video-preview":"max-video-preview:-1"},"canonical":"https:\/\/isabellerecloux.be\/index.php\/actualites-formation-communication\/","og_locale":"fr_FR","og_type":"article","og_title":"Actualit\u00e9s - Isabelle Recloux Management","og_description":"Actualit\u00e9s Isabelle Recloux Management. Nouveaut\u00e9s et articles en communication - management - soft skills.","og_url":"https:\/\/isabellerecloux.be\/index.php\/actualites-formation-communication\/","og_site_name":"Isabelle Recloux Management","article_publisher":"https:\/\/facebook.com\/isabellereclouxmanagement","article_modified_time":"2024-02-27T15:38:04+00:00","og_image":[{"url":"https:\/\/isabellerecloux.be\/wp-content\/uploads\/2024\/02\/Stress-Fecofi-29032024-300x251.jpg","type":"","width":"","height":""}],"twitter_card":"summary_large_image","twitter_misc":{"Dur\u00e9e de lecture estim\u00e9e":"4 minutes"},"schema":{"@context":"https:\/\/schema.org","@graph":[{"@type":"WebPage","@id":"https:\/\/isabellerecloux.be\/index.php\/actualites-formation-communication\/","url":"https:\/\/isabellerecloux.be\/index.php\/actualites-formation-communication\/","name":"Actualit\u00e9s - Isabelle Recloux Management","isPartOf":{"@id":"https:\/\/isabellerecloux.be\/#website"},"primaryImageOfPage":{"@id":"https:\/\/isabellerecloux.be\/index.php\/actualites-formation-communication\/#primaryimage"},"image":{"@id":"https:\/\/isabellerecloux.be\/index.php\/actualites-formation-communication\/#primaryimage"},"thumbnailUrl":"https:\/\/isabellerecloux.be\/wp-content\/uploads\/2024\/02\/Stress-Fecofi-29032024-300x251.jpg","datePublished":"2023-06-27T19:57:20+00:00","dateModified":"2024-02-27T15:38:04+00:00","description":"Actualit\u00e9s Isabelle Recloux Management. Nouveaut\u00e9s et articles en communication - management - soft skills.","breadcrumb":{"@id":"https:\/\/isabellerecloux.be\/index.php\/actualites-formation-communication\/#breadcrumb"},"inLanguage":"fr-FR","potentialAction":[{"@type":"ReadAction","target":["https:\/\/isabellerecloux.be\/index.php\/actualites-formation-communication\/"]}]},{"@type":"ImageObject","inLanguage":"fr-FR","@id":"https:\/\/isabellerecloux.be\/index.php\/actualites-formation-communication\/#primaryimage","url":"https:\/\/isabellerecloux.be\/wp-content\/uploads\/2024\/02\/Stress-Fecofi-29032024.jpg","contentUrl":"https:\/\/isabellerecloux.be\/wp-content\/uploads\/2024\/02\/Stress-Fecofi-29032024.jpg","width":940,"height":788,"caption":"Formation gestion du stress et des d\u00e9lais le 24 mars 2024 - FeCoFi"},{"@type":"BreadcrumbList","@id":"https:\/\/isabellerecloux.be\/index.php\/actualites-formation-communication\/#breadcrumb","itemListElement":[{"@type":"ListItem","position":1,"name":"Accueil","item":"https:\/\/isabellerecloux.be\/"},{"@type":"ListItem","position":2,"name":"Actualit\u00e9s"}]},{"@type":"WebSite","@id":"https:\/\/isabellerecloux.be\/#website","url":"https:\/\/isabellerecloux.be\/","name":"Isabelle Recloux Management","description":"Formation - Consultance - Accompagnement","publisher":{"@id":"https:\/\/isabellerecloux.be\/#organization"},"potentialAction":[{"@type":"SearchAction","target":{"@type":"EntryPoint","urlTemplate":"https:\/\/isabellerecloux.be\/?s={search_term_string}"},"query-input":{"@type":"PropertyValueSpecification","valueRequired":true,"valueName":"search_term_string"}}],"inLanguage":"fr-FR"},{"@type":"Organization","@id":"https:\/\/isabellerecloux.be\/#organization","name":"Isabelle Recloux Management","alternateName":"Isabelle Recloux","url":"https:\/\/isabellerecloux.be\/","logo":{"@type":"ImageObject","inLanguage":"fr-FR","@id":"https:\/\/isabellerecloux.be\/#\/schema\/logo\/image\/","url":"https:\/\/isabellerecloux.be\/wp-content\/uploads\/2023\/06\/cropped-Logo-IRM.png","contentUrl":"https:\/\/isabellerecloux.be\/wp-content\/uploads\/2023\/06\/cropped-Logo-IRM.png","width":512,"height":512,"caption":"Isabelle Recloux Management"},"image":{"@id":"https:\/\/isabellerecloux.be\/#\/schema\/logo\/image\/"},"sameAs":["https:\/\/facebook.com\/isabellereclouxmanagement","https:\/\/www.linkedin.com\/in\/isabellerecloux\/"]}]}},"mfb_rest_fields":["title","yoast_head","yoast_head_json","gutenberg_elementor_mode"],"_links":{"self":[{"href":"https:\/\/isabellerecloux.be\/index.php\/wp-json\/wp\/v2\/pages\/20","targetHints":{"allow":["GET"]}}],"collection":[{"href":"https:\/\/isabellerecloux.be\/index.php\/wp-json\/wp\/v2\/pages"}],"about":[{"href":"https:\/\/isabellerecloux.be\/index.php\/wp-json\/wp\/v2\/types\/page"}],"author":[{"embeddable":true,"href":"https:\/\/isabellerecloux.be\/index.php\/wp-json\/wp\/v2\/users\/1"}],"replies":[{"embeddable":true,"href":"https:\/\/isabellerecloux.be\/index.php\/wp-json\/wp\/v2\/comments?post=20"}],"version-history":[{"count":87,"href":"https:\/\/isabellerecloux.be\/index.php\/wp-json\/wp\/v2\/pages\/20\/revisions"}],"predecessor-version":[{"id":3840,"href":"https:\/\/isabellerecloux.be\/index.php\/wp-json\/wp\/v2\/pages\/20\/revisions\/3840"}],"wp:attachment":[{"href":"https:\/\/isabellerecloux.be\/index.php\/wp-json\/wp\/v2\/media?parent=20"}],"curies":[{"name":"wp","href":"https:\/\/api.w.org\/{rel}","templated":true}]}}