{"id":1562,"date":"2023-09-30T19:41:32","date_gmt":"2023-09-30T17:41:32","guid":{"rendered":"https:\/\/isabellerecloux.be\/?page_id=1562"},"modified":"2024-01-18T17:18:16","modified_gmt":"2024-01-18T16:18:16","slug":"manager-sereinement-gestion-du-stress-et-des-emotions-pour-les-managers","status":"publish","type":"page","link":"https:\/\/isabellerecloux.be\/index.php\/manager-sereinement-gestion-du-stress-et-des-emotions-pour-les-managers\/","title":{"rendered":"Manager sereinement (gestion du stress et des \u00e9motions pour les managers)"},"content":{"rendered":"\t\t<div data-elementor-type=\"wp-page\" data-elementor-id=\"1562\" class=\"elementor elementor-1562\">\n\t\t\t\t\t\t<section class=\"elementor-section elementor-top-section elementor-element elementor-element-45bd2743 elementor-section-boxed elementor-section-height-default elementor-section-height-default\" data-id=\"45bd2743\" data-element_type=\"section\" data-e-type=\"section\">\n\t\t\t\t\t\t<div class=\"elementor-container elementor-column-gap-default\">\n\t\t\t\t\t<div class=\"elementor-column elementor-col-100 elementor-top-column elementor-element elementor-element-49b1f881\" data-id=\"49b1f881\" data-element_type=\"column\" data-e-type=\"column\">\n\t\t\t<div class=\"elementor-widget-wrap elementor-element-populated\">\n\t\t\t\t\t\t<div class=\"elementor-element elementor-element-6992154e elementor-widget elementor-widget-heading\" data-id=\"6992154e\" data-element_type=\"widget\" data-e-type=\"widget\" data-widget_type=\"heading.default\">\n\t\t\t\t<div class=\"elementor-widget-container\">\n\t\t\t\t\t<h2 class=\"elementor-heading-title elementor-size-large\">2 jours pour apprendre \u00e0 mieux g\u00e9rer son stress et ses \u00e9motions<\/h2>\t\t\t\t<\/div>\n\t\t\t\t<\/div>\n\t\t\t\t\t<\/div>\n\t\t<\/div>\n\t\t\t\t\t<\/div>\n\t\t<\/section>\n\t\t\t\t<section class=\"elementor-section elementor-top-section elementor-element elementor-element-2ff80cdf elementor-section-boxed elementor-section-height-default elementor-section-height-default\" data-id=\"2ff80cdf\" data-element_type=\"section\" data-e-type=\"section\">\n\t\t\t\t\t\t<div class=\"elementor-container elementor-column-gap-default\">\n\t\t\t\t\t<div class=\"elementor-column elementor-col-100 elementor-top-column elementor-element elementor-element-4016a053\" data-id=\"4016a053\" data-element_type=\"column\" data-e-type=\"column\">\n\t\t\t<div class=\"elementor-widget-wrap elementor-element-populated\">\n\t\t\t\t\t\t<div class=\"elementor-element elementor-element-3bb98054 elementor-widget elementor-widget-spacer\" data-id=\"3bb98054\" data-element_type=\"widget\" data-e-type=\"widget\" data-widget_type=\"spacer.default\">\n\t\t\t\t<div class=\"elementor-widget-container\">\n\t\t\t\t\t\t\t<div class=\"elementor-spacer\">\n\t\t\t<div class=\"elementor-spacer-inner\"><\/div>\n\t\t<\/div>\n\t\t\t\t\t\t<\/div>\n\t\t\t\t<\/div>\n\t\t\t\t\t<\/div>\n\t\t<\/div>\n\t\t\t\t\t<\/div>\n\t\t<\/section>\n\t\t\t\t<section class=\"elementor-section elementor-top-section elementor-element elementor-element-72392146 elementor-section-boxed elementor-section-height-default elementor-section-height-default\" data-id=\"72392146\" data-element_type=\"section\" data-e-type=\"section\">\n\t\t\t\t\t\t<div class=\"elementor-container elementor-column-gap-default\">\n\t\t\t\t\t<div class=\"elementor-column elementor-col-100 elementor-top-column elementor-element elementor-element-59aacef7\" data-id=\"59aacef7\" data-element_type=\"column\" data-e-type=\"column\">\n\t\t\t<div class=\"elementor-widget-wrap elementor-element-populated\">\n\t\t\t\t\t\t<section class=\"elementor-section elementor-inner-section elementor-element elementor-element-1cb2355f elementor-section-boxed elementor-section-height-default elementor-section-height-default\" data-id=\"1cb2355f\" data-element_type=\"section\" data-e-type=\"section\">\n\t\t\t\t\t\t<div class=\"elementor-container elementor-column-gap-default\">\n\t\t\t\t\t<div class=\"elementor-column elementor-col-50 elementor-inner-column elementor-element elementor-element-4b6c1c18\" data-id=\"4b6c1c18\" data-element_type=\"column\" data-e-type=\"column\">\n\t\t\t<div class=\"elementor-widget-wrap elementor-element-populated\">\n\t\t\t\t\t\t<div class=\"elementor-element elementor-element-1b9f61ed elementor-widget elementor-widget-text-editor\" data-id=\"1b9f61ed\" data-element_type=\"widget\" data-e-type=\"widget\" data-widget_type=\"text-editor.default\">\n\t\t\t\t<div class=\"elementor-widget-container\">\n\t\t\t\t\t\t\t\t\t<p>Une fonction de management implique de nombreuses sources de stress. Comment g\u00e9rer et r\u00e9duire votre stress dans votre vie pro et perso ?\u00a0<\/p><p>Vous voulez acqu\u00e9rir des outils pour mieux pr\u00e9venir et g\u00e9rer votre stress ? Mieux appr\u00e9hender le stress de vos \u00e9quipes ?<\/p><p>Apprendre d\u00e9couvrir et \u00e0 piloter vos \u00e9motions ?<\/p><p>Cette formation \u00e0 la gestion du stress permet, gr\u00e2ce aux outils choisis et \u00e0 notre p\u00e9dagogie impliquante (mais pas stressante), d&rsquo;agir au service de votre bien-\u00eatre, de votre efficacit\u00e9. Et de devenir un meilleur manager en apprenant \u00e0 piloter votre \u00e9quipe sous stress !<\/p>\t\t\t\t\t\t\t\t<\/div>\n\t\t\t\t<\/div>\n\t\t\t\t<div class=\"elementor-element elementor-element-19f4c903 elementor-align-center elementor-widget elementor-widget-button\" data-id=\"19f4c903\" data-element_type=\"widget\" data-e-type=\"widget\" data-widget_type=\"button.default\">\n\t\t\t\t<div class=\"elementor-widget-container\">\n\t\t\t\t\t\t\t\t\t<div class=\"elementor-button-wrapper\">\n\t\t\t\t\t<a class=\"elementor-button elementor-button-link elementor-size-lg\" href=\"https:\/\/isabellerecloux.be\/index.php\/contact\/\">\n\t\t\t\t\t\t<span class=\"elementor-button-content-wrapper\">\n\t\t\t\t\t\t\t\t\t<span class=\"elementor-button-text\">Cette formation m'int\u00e9resse !<\/span>\n\t\t\t\t\t<\/span>\n\t\t\t\t\t<\/a>\n\t\t\t\t<\/div>\n\t\t\t\t\t\t\t\t<\/div>\n\t\t\t\t<\/div>\n\t\t\t\t\t<\/div>\n\t\t<\/div>\n\t\t\t\t<div class=\"elementor-column elementor-col-50 elementor-inner-column elementor-element elementor-element-ed6ad6d\" data-id=\"ed6ad6d\" data-element_type=\"column\" data-e-type=\"column\">\n\t\t\t<div class=\"elementor-widget-wrap elementor-element-populated\">\n\t\t\t\t\t\t<div class=\"elementor-element elementor-element-36d2ca08 elementor-widget elementor-widget-image\" data-id=\"36d2ca08\" data-element_type=\"widget\" data-e-type=\"widget\" data-widget_type=\"image.default\">\n\t\t\t\t<div class=\"elementor-widget-container\">\n\t\t\t\t\t\t\t\t\t\t\t\t\t\t\t<img fetchpriority=\"high\" decoding=\"async\" width=\"1024\" height=\"683\" src=\"https:\/\/isabellerecloux.be\/wp-content\/uploads\/2023\/08\/Gestion-du-stress-et-des-emotions-2-1024x683.png\" class=\"attachment-large size-large wp-image-701\" alt=\"gestion stress et \u00e9motions manager\" srcset=\"https:\/\/isabellerecloux.be\/wp-content\/uploads\/2023\/08\/Gestion-du-stress-et-des-emotions-2-1024x683.png 1024w, https:\/\/isabellerecloux.be\/wp-content\/uploads\/2023\/08\/Gestion-du-stress-et-des-emotions-2-300x200.png 300w, https:\/\/isabellerecloux.be\/wp-content\/uploads\/2023\/08\/Gestion-du-stress-et-des-emotions-2-768x512.png 768w, https:\/\/isabellerecloux.be\/wp-content\/uploads\/2023\/08\/Gestion-du-stress-et-des-emotions-2-1536x1024.png 1536w, https:\/\/isabellerecloux.be\/wp-content\/uploads\/2023\/08\/Gestion-du-stress-et-des-emotions-2.png 2048w\" sizes=\"(max-width: 1024px) 100vw, 1024px\" \/>\t\t\t\t\t\t\t\t\t\t\t\t\t\t\t<\/div>\n\t\t\t\t<\/div>\n\t\t\t\t\t<\/div>\n\t\t<\/div>\n\t\t\t\t\t<\/div>\n\t\t<\/section>\n\t\t\t\t\t<\/div>\n\t\t<\/div>\n\t\t\t\t\t<\/div>\n\t\t<\/section>\n\t\t\t\t<section class=\"elementor-section elementor-top-section elementor-element elementor-element-6b516845 elementor-section-boxed elementor-section-height-default elementor-section-height-default\" data-id=\"6b516845\" data-element_type=\"section\" data-e-type=\"section\">\n\t\t\t\t\t\t<div class=\"elementor-container elementor-column-gap-default\">\n\t\t\t\t\t<div class=\"elementor-column elementor-col-100 elementor-top-column elementor-element elementor-element-1d55ad58\" data-id=\"1d55ad58\" data-element_type=\"column\" data-e-type=\"column\">\n\t\t\t<div class=\"elementor-widget-wrap elementor-element-populated\">\n\t\t\t\t\t\t<div class=\"elementor-element elementor-element-3636481 elementor-widget elementor-widget-spacer\" data-id=\"3636481\" data-element_type=\"widget\" data-e-type=\"widget\" data-widget_type=\"spacer.default\">\n\t\t\t\t<div class=\"elementor-widget-container\">\n\t\t\t\t\t\t\t<div class=\"elementor-spacer\">\n\t\t\t<div class=\"elementor-spacer-inner\"><\/div>\n\t\t<\/div>\n\t\t\t\t\t\t<\/div>\n\t\t\t\t<\/div>\n\t\t\t\t\t<\/div>\n\t\t<\/div>\n\t\t\t\t\t<\/div>\n\t\t<\/section>\n\t\t\t\t<section class=\"elementor-section elementor-top-section elementor-element elementor-element-18a64cf2 elementor-section-boxed elementor-section-height-default elementor-section-height-default\" data-id=\"18a64cf2\" data-element_type=\"section\" data-e-type=\"section\">\n\t\t\t\t\t\t<div class=\"elementor-container elementor-column-gap-default\">\n\t\t\t\t\t<div class=\"elementor-column elementor-col-100 elementor-top-column elementor-element elementor-element-5d3fdda4\" data-id=\"5d3fdda4\" data-element_type=\"column\" data-e-type=\"column\">\n\t\t\t<div class=\"elementor-widget-wrap elementor-element-populated\">\n\t\t\t\t\t\t<div class=\"elementor-element elementor-element-633873d2 elementor-widget elementor-widget-heading\" data-id=\"633873d2\" data-element_type=\"widget\" data-e-type=\"widget\" data-widget_type=\"heading.default\">\n\t\t\t\t<div class=\"elementor-widget-container\">\n\t\t\t\t\t<h2 class=\"elementor-heading-title elementor-size-default\">Objectifs de la formation<\/h2>\t\t\t\t<\/div>\n\t\t\t\t<\/div>\n\t\t\t\t\t<\/div>\n\t\t<\/div>\n\t\t\t\t\t<\/div>\n\t\t<\/section>\n\t\t\t\t<section class=\"elementor-section elementor-top-section elementor-element elementor-element-63691b6e elementor-section-boxed elementor-section-height-default elementor-section-height-default\" data-id=\"63691b6e\" data-element_type=\"section\" data-e-type=\"section\">\n\t\t\t\t\t\t<div class=\"elementor-container elementor-column-gap-default\">\n\t\t\t\t\t<div class=\"elementor-column elementor-col-100 elementor-top-column elementor-element elementor-element-75937328\" data-id=\"75937328\" data-element_type=\"column\" data-e-type=\"column\">\n\t\t\t<div class=\"elementor-widget-wrap elementor-element-populated\">\n\t\t\t\t\t\t<div class=\"elementor-element elementor-element-a6fb8b elementor-widget__width-inherit elementor-widget elementor-widget-text-editor\" data-id=\"a6fb8b\" data-element_type=\"widget\" data-e-type=\"widget\" data-widget_type=\"text-editor.default\">\n\t\t\t\t<div class=\"elementor-widget-container\">\n\t\t\t\t\t\t\t\t\t<p>Cette formation vous permettra de :<\/p><ul><li>Reconna\u00eetre le stress (manifestations physiques, \u00e9motionnelles et comportementales) chez vous et chez les autres<\/li><li>Identifier les facteurs de stress et le m\u00e9canisme de mont\u00e9e en puissance du stress chez chacun<\/li><li>Distinguer le stress li\u00e9 \u00e0 votre fonctionnement propre et le stress externe<\/li><li>Identifier des leviers d\u2019action pour soi et les comportements apaisants ou aggravants pour les autres<\/li><li>G\u00e9rer le stress en situation d\u2019urgence (partage de m\u00e9thodes, tips) et int\u00e9grer une routine personnelle pour l\u00e2cher-prise et am\u00e9liorer votre hygi\u00e8ne de vie<\/li><li>Pr\u00e9venir le stress pour ne plus le subir et \u00eatre plus efficients dans votre contexte professionnel<\/li><li>D\u00e9couvrir des outils pour faire face au stress de vos \u00e9quipes et comment les int\u00e9grer \u00e0 votre management<\/li><li>Mettre en pratique ces nouvelles comp\u00e9tences<\/li><\/ul>\t\t\t\t\t\t\t\t<\/div>\n\t\t\t\t<\/div>\n\t\t\t\t\t<\/div>\n\t\t<\/div>\n\t\t\t\t\t<\/div>\n\t\t<\/section>\n\t\t\t\t<section class=\"elementor-section elementor-top-section elementor-element elementor-element-320580b9 elementor-section-boxed elementor-section-height-default elementor-section-height-default\" data-id=\"320580b9\" data-element_type=\"section\" data-e-type=\"section\">\n\t\t\t\t\t\t<div class=\"elementor-container elementor-column-gap-default\">\n\t\t\t\t\t<div class=\"elementor-column elementor-col-100 elementor-top-column elementor-element elementor-element-3df343b\" data-id=\"3df343b\" data-element_type=\"column\" data-e-type=\"column\">\n\t\t\t<div class=\"elementor-widget-wrap elementor-element-populated\">\n\t\t\t\t\t\t<div class=\"elementor-element elementor-element-5876629e elementor-widget elementor-widget-spacer\" data-id=\"5876629e\" data-element_type=\"widget\" data-e-type=\"widget\" data-widget_type=\"spacer.default\">\n\t\t\t\t<div class=\"elementor-widget-container\">\n\t\t\t\t\t\t\t<div class=\"elementor-spacer\">\n\t\t\t<div class=\"elementor-spacer-inner\"><\/div>\n\t\t<\/div>\n\t\t\t\t\t\t<\/div>\n\t\t\t\t<\/div>\n\t\t\t\t\t<\/div>\n\t\t<\/div>\n\t\t\t\t\t<\/div>\n\t\t<\/section>\n\t\t\t\t<section class=\"elementor-section elementor-top-section elementor-element elementor-element-50207b77 elementor-section-boxed elementor-section-height-default elementor-section-height-default\" data-id=\"50207b77\" data-element_type=\"section\" data-e-type=\"section\">\n\t\t\t\t\t\t<div class=\"elementor-container elementor-column-gap-default\">\n\t\t\t\t\t<div class=\"elementor-column elementor-col-100 elementor-top-column elementor-element elementor-element-6cc01551\" data-id=\"6cc01551\" data-element_type=\"column\" data-e-type=\"column\">\n\t\t\t<div class=\"elementor-widget-wrap elementor-element-populated\">\n\t\t\t\t\t\t<div class=\"elementor-element elementor-element-39a88315 elementor-widget elementor-widget-heading\" data-id=\"39a88315\" data-element_type=\"widget\" data-e-type=\"widget\" data-widget_type=\"heading.default\">\n\t\t\t\t<div class=\"elementor-widget-container\">\n\t\t\t\t\t<h2 class=\"elementor-heading-title elementor-size-default\">Programme<\/h2>\t\t\t\t<\/div>\n\t\t\t\t<\/div>\n\t\t\t\t\t<\/div>\n\t\t<\/div>\n\t\t\t\t\t<\/div>\n\t\t<\/section>\n\t\t\t\t<section class=\"elementor-section elementor-top-section elementor-element elementor-element-539716b elementor-section-boxed elementor-section-height-default elementor-section-height-default\" data-id=\"539716b\" data-element_type=\"section\" data-e-type=\"section\">\n\t\t\t\t\t\t<div class=\"elementor-container elementor-column-gap-default\">\n\t\t\t\t\t<div class=\"elementor-column elementor-col-50 elementor-top-column elementor-element elementor-element-a25d820\" data-id=\"a25d820\" data-element_type=\"column\" data-e-type=\"column\">\n\t\t\t<div class=\"elementor-widget-wrap elementor-element-populated\">\n\t\t\t\t\t\t<div class=\"elementor-element elementor-element-f4bc511 elementor-widget__width-initial elementor-widget elementor-widget-text-editor\" data-id=\"f4bc511\" data-element_type=\"widget\" data-e-type=\"widget\" data-widget_type=\"text-editor.default\">\n\t\t\t\t<div class=\"elementor-widget-container\">\n\t\t\t\t\t\t\t\t\t<p>Jour 1 : Le stress et les \u00e9motions du manager<\/p><ul><li>Pourquoi parler de stress aujourd\u2019hui ?<\/li><li>A la d\u00e9couverte des \u00e9motions<\/li><li>Piloter ses \u00e9motions avec la m\u00e9thode IACA<\/li><li>Parlons de vos batteries !<\/li><li>D\u00e9finition du stress<\/li><li>Identification des sources de stress potentielles : les stresseurs<\/li><li>Mesurons votre niveau de stress et \u00e9valuons vos facteurs de stress<\/li><li>Les r\u00e9actions sous stress<\/li><li>Stress interne vs stress externe<\/li><li>Comment en sortir ? : outils et solutions pratiques au stress<\/li><li>Passage \u00e0 l&rsquo;action &#8211;&gt; Cr\u00e9ation d&rsquo;une fiche-outil personnelle orient\u00e9e solutions actionnables<\/li><li>Guidage et conseils dans l&rsquo;\u00e9laboration de votre fiche-action, r\u00e9flexions collectives et \u00e9changes entre pairs<\/li><\/ul>\t\t\t\t\t\t\t\t<\/div>\n\t\t\t\t<\/div>\n\t\t\t\t\t<\/div>\n\t\t<\/div>\n\t\t\t\t<div class=\"elementor-column elementor-col-50 elementor-top-column elementor-element elementor-element-ea2115a\" data-id=\"ea2115a\" data-element_type=\"column\" data-e-type=\"column\">\n\t\t\t<div class=\"elementor-widget-wrap elementor-element-populated\">\n\t\t\t\t\t\t<div class=\"elementor-element elementor-element-67d3f91 elementor-widget elementor-widget-text-editor\" data-id=\"67d3f91\" data-element_type=\"widget\" data-e-type=\"widget\" data-widget_type=\"text-editor.default\">\n\t\t\t\t<div class=\"elementor-widget-container\">\n\t\t\t\t\t\t\t\t\t<p>Jour 2 : Le stress et les \u00e9motions de l&rsquo;\u00e9quipe<\/p><ul><li>Les sources de stress de mon \u00e9quipe<\/li><li>Outils de pilotage du stress de mon \u00e9quipe<\/li><li>Apprendre \u00e0 mieux communiquer pour r\u00e9duire le stress li\u00e9 aux conflits en \u00e9quipe : place \u00e0 l&rsquo;assertivit\u00e9 !<\/li><li>D\u00e9couverte de l&rsquo;\u00e9coute active et de l&rsquo;\u00e9coute empathique<\/li><li>La posture de leader dans les situations de stress<\/li><li><span style=\"background-color: var(--wp--preset--color--background); color: var(--wp--preset--color--boulder); font-family: var(--wp--preset--font-family--inter); font-size: var(--wp--preset--font-size--normal); font-weight: var(--wp--custom--typography--font-weight--normal);\">Mises en situations de gestion d&rsquo;\u00e9quipe sous stress<\/span><\/li><li>Outils de management : exercices d&rsquo;intelligence collective<\/li><\/ul>\t\t\t\t\t\t\t\t<\/div>\n\t\t\t\t<\/div>\n\t\t\t\t\t<\/div>\n\t\t<\/div>\n\t\t\t\t\t<\/div>\n\t\t<\/section>\n\t\t\t\t<section class=\"elementor-section elementor-top-section elementor-element elementor-element-95e22eb elementor-section-boxed elementor-section-height-default elementor-section-height-default\" data-id=\"95e22eb\" data-element_type=\"section\" data-e-type=\"section\">\n\t\t\t\t\t\t<div class=\"elementor-container elementor-column-gap-default\">\n\t\t\t\t\t<div class=\"elementor-column elementor-col-100 elementor-top-column elementor-element elementor-element-8bcb587\" data-id=\"8bcb587\" data-element_type=\"column\" data-e-type=\"column\">\n\t\t\t<div class=\"elementor-widget-wrap elementor-element-populated\">\n\t\t\t\t\t\t<div class=\"elementor-element elementor-element-b66e40f elementor-widget elementor-widget-spacer\" data-id=\"b66e40f\" data-element_type=\"widget\" data-e-type=\"widget\" data-widget_type=\"spacer.default\">\n\t\t\t\t<div class=\"elementor-widget-container\">\n\t\t\t\t\t\t\t<div class=\"elementor-spacer\">\n\t\t\t<div class=\"elementor-spacer-inner\"><\/div>\n\t\t<\/div>\n\t\t\t\t\t\t<\/div>\n\t\t\t\t<\/div>\n\t\t\t\t\t<\/div>\n\t\t<\/div>\n\t\t\t\t\t<\/div>\n\t\t<\/section>\n\t\t\t\t<section class=\"elementor-section elementor-top-section elementor-element elementor-element-7c97e330 elementor-section-boxed elementor-section-height-default elementor-section-height-default\" data-id=\"7c97e330\" data-element_type=\"section\" data-e-type=\"section\">\n\t\t\t\t\t\t<div class=\"elementor-container elementor-column-gap-default\">\n\t\t\t\t\t<div class=\"elementor-column elementor-col-100 elementor-top-column elementor-element elementor-element-1b0672c1\" data-id=\"1b0672c1\" data-element_type=\"column\" data-e-type=\"column\">\n\t\t\t<div class=\"elementor-widget-wrap elementor-element-populated\">\n\t\t\t\t\t\t<div class=\"elementor-element elementor-element-7cf58534 elementor-widget__width-inherit elementor-widget elementor-widget-heading\" data-id=\"7cf58534\" data-element_type=\"widget\" data-e-type=\"widget\" data-widget_type=\"heading.default\">\n\t\t\t\t<div class=\"elementor-widget-container\">\n\t\t\t\t\t<h2 class=\"elementor-heading-title elementor-size-default\">Informations pratiques<\/h2>\t\t\t\t<\/div>\n\t\t\t\t<\/div>\n\t\t\t\t\t<\/div>\n\t\t<\/div>\n\t\t\t\t\t<\/div>\n\t\t<\/section>\n\t\t\t\t<section class=\"elementor-section elementor-top-section elementor-element elementor-element-4ebd0d4b elementor-section-full_width elementor-section-height-default elementor-section-height-default\" data-id=\"4ebd0d4b\" data-element_type=\"section\" data-e-type=\"section\">\n\t\t\t\t\t\t<div class=\"elementor-container elementor-column-gap-default\">\n\t\t\t\t\t<div class=\"elementor-column elementor-col-100 elementor-top-column elementor-element elementor-element-5b2fc885\" data-id=\"5b2fc885\" data-element_type=\"column\" data-e-type=\"column\">\n\t\t\t<div class=\"elementor-widget-wrap elementor-element-populated\">\n\t\t\t\t\t\t<section class=\"elementor-section elementor-inner-section elementor-element elementor-element-3d7f8fc elementor-section-boxed elementor-section-height-default elementor-section-height-default\" data-id=\"3d7f8fc\" data-element_type=\"section\" data-e-type=\"section\">\n\t\t\t\t\t\t<div class=\"elementor-container elementor-column-gap-default\">\n\t\t\t\t\t<div class=\"elementor-column elementor-col-50 elementor-inner-column elementor-element elementor-element-16c6ca7f\" data-id=\"16c6ca7f\" data-element_type=\"column\" data-e-type=\"column\">\n\t\t\t<div class=\"elementor-widget-wrap elementor-element-populated\">\n\t\t\t\t\t\t<div class=\"elementor-element elementor-element-649363a3 elementor-widget elementor-widget-text-editor\" data-id=\"649363a3\" data-element_type=\"widget\" data-e-type=\"widget\" data-widget_type=\"text-editor.default\">\n\t\t\t\t<div class=\"elementor-widget-container\">\n\t\t\t\t\t\t\t\t\t<p>Pour qui ? Toute personne ayant une fonction de manager ou de chef d&rsquo;\u00e9quipe qui souhaite apprendre piloter ses \u00e9motions et mieux g\u00e9rer son stress, ainsi que celui de son \u00e9quipe<\/p><p>Dur\u00e9e : 2 jours<\/p><p>Format : Pr\u00e9sentiel<\/p><p>Pr\u00e9requis : Aucun<\/p>\t\t\t\t\t\t\t\t<\/div>\n\t\t\t\t<\/div>\n\t\t\t\t\t<\/div>\n\t\t<\/div>\n\t\t\t\t<div class=\"elementor-column elementor-col-50 elementor-inner-column elementor-element elementor-element-ea869c5\" data-id=\"ea869c5\" data-element_type=\"column\" data-e-type=\"column\">\n\t\t\t<div class=\"elementor-widget-wrap elementor-element-populated\">\n\t\t\t\t\t\t<div class=\"elementor-element elementor-element-6ea8eebb elementor-widget__width-initial elementor-widget elementor-widget-text-editor\" data-id=\"6ea8eebb\" data-element_type=\"widget\" data-e-type=\"widget\" data-widget_type=\"text-editor.default\">\n\t\t\t\t<div class=\"elementor-widget-container\">\n\t\t\t\t\t\t\t\t\t<p>Horaire : 9h &#8211; 16h<\/p><p>Tarifs : sur demande<\/p><p>Lieux : Cette formation peut \u00eatre organis\u00e9e en intra-entreprise, en inter-entreprise ou sur-mesure<\/p>\t\t\t\t\t\t\t\t<\/div>\n\t\t\t\t<\/div>\n\t\t\t\t\t<\/div>\n\t\t<\/div>\n\t\t\t\t\t<\/div>\n\t\t<\/section>\n\t\t\t\t\t<\/div>\n\t\t<\/div>\n\t\t\t\t\t<\/div>\n\t\t<\/section>\n\t\t\t\t<section class=\"elementor-section elementor-top-section elementor-element elementor-element-42ca4d03 elementor-section-boxed elementor-section-height-default elementor-section-height-default\" data-id=\"42ca4d03\" data-element_type=\"section\" data-e-type=\"section\">\n\t\t\t\t\t\t<div class=\"elementor-container elementor-column-gap-default\">\n\t\t\t\t\t<div class=\"elementor-column elementor-col-100 elementor-top-column elementor-element elementor-element-f54f037\" data-id=\"f54f037\" data-element_type=\"column\" data-e-type=\"column\">\n\t\t\t<div class=\"elementor-widget-wrap elementor-element-populated\">\n\t\t\t\t\t\t<div class=\"elementor-element elementor-element-4c544916 elementor-widget elementor-widget-spacer\" data-id=\"4c544916\" data-element_type=\"widget\" data-e-type=\"widget\" data-widget_type=\"spacer.default\">\n\t\t\t\t<div class=\"elementor-widget-container\">\n\t\t\t\t\t\t\t<div class=\"elementor-spacer\">\n\t\t\t<div class=\"elementor-spacer-inner\"><\/div>\n\t\t<\/div>\n\t\t\t\t\t\t<\/div>\n\t\t\t\t<\/div>\n\t\t\t\t\t<\/div>\n\t\t<\/div>\n\t\t\t\t\t<\/div>\n\t\t<\/section>\n\t\t\t\t<section class=\"elementor-section elementor-top-section elementor-element elementor-element-e0e4952 elementor-section-boxed elementor-section-height-default elementor-section-height-default\" data-id=\"e0e4952\" data-element_type=\"section\" data-e-type=\"section\">\n\t\t\t\t\t\t<div class=\"elementor-container elementor-column-gap-default\">\n\t\t\t\t\t<div class=\"elementor-column elementor-col-100 elementor-top-column elementor-element elementor-element-20ad8df6\" data-id=\"20ad8df6\" data-element_type=\"column\" data-e-type=\"column\">\n\t\t\t<div class=\"elementor-widget-wrap elementor-element-populated\">\n\t\t\t\t\t\t<div class=\"elementor-element elementor-element-23bb3329 elementor-align-center elementor-widget elementor-widget-button\" data-id=\"23bb3329\" data-element_type=\"widget\" data-e-type=\"widget\" data-widget_type=\"button.default\">\n\t\t\t\t<div class=\"elementor-widget-container\">\n\t\t\t\t\t\t\t\t\t<div class=\"elementor-button-wrapper\">\n\t\t\t\t\t<a class=\"elementor-button elementor-button-link elementor-size-xl\" href=\"https:\/\/isabellerecloux.be\/index.php\/contact\/\">\n\t\t\t\t\t\t<span class=\"elementor-button-content-wrapper\">\n\t\t\t\t\t\t\t\t\t<span class=\"elementor-button-text\">Cette formation m'int\u00e9resse !<\/span>\n\t\t\t\t\t<\/span>\n\t\t\t\t\t<\/a>\n\t\t\t\t<\/div>\n\t\t\t\t\t\t\t\t<\/div>\n\t\t\t\t<\/div>\n\t\t\t\t<div class=\"elementor-element elementor-element-380b69ae elementor-widget elementor-widget-spacer\" data-id=\"380b69ae\" data-element_type=\"widget\" data-e-type=\"widget\" data-widget_type=\"spacer.default\">\n\t\t\t\t<div class=\"elementor-widget-container\">\n\t\t\t\t\t\t\t<div class=\"elementor-spacer\">\n\t\t\t<div class=\"elementor-spacer-inner\"><\/div>\n\t\t<\/div>\n\t\t\t\t\t\t<\/div>\n\t\t\t\t<\/div>\n\t\t\t\t\t<\/div>\n\t\t<\/div>\n\t\t\t\t\t<\/div>\n\t\t<\/section>\n\t\t\t\t<\/div>\n\t\t","protected":false},"excerpt":{"rendered":"<p>2 jours pour apprendre \u00e0 mieux g\u00e9rer son stress et ses \u00e9motions Une fonction de management implique de nombreuses sources de stress. Comment g\u00e9rer et r\u00e9duire votre stress dans votre vie pro et perso ?\u00a0 Vous voulez acqu\u00e9rir des outils pour mieux pr\u00e9venir et g\u00e9rer votre stress ? Mieux appr\u00e9hender [&hellip;]<\/p>\n","protected":false},"author":1,"featured_media":701,"parent":0,"menu_order":0,"comment_status":"closed","ping_status":"closed","template":"","meta":{"_monsterinsights_skip_tracking":false,"_monsterinsights_sitenote_active":false,"_monsterinsights_sitenote_note":"","_monsterinsights_sitenote_category":0,"footnotes":""},"class_list":["post-1562","page","type-page","status-publish","has-post-thumbnail","hentry"],"mb":[],"yoast_head":"<!-- This site is optimized with the Yoast SEO plugin v27.5 - https:\/\/yoast.com\/product\/yoast-seo-wordpress\/ -->\n<title>Formation manager stress \u00e9motions<\/title>\n<meta name=\"description\" content=\"Formation de gestion du stress et des \u00e9motions pour les managers et les chefs d&#039;\u00e9quipe. Formation de 2 jours.\" \/>\n<meta name=\"robots\" content=\"index, follow, max-snippet:-1, max-image-preview:large, max-video-preview:-1\" \/>\n<link rel=\"canonical\" href=\"https:\/\/isabellerecloux.be\/index.php\/manager-sereinement-gestion-du-stress-et-des-emotions-pour-les-managers\/\" \/>\n<meta property=\"og:locale\" content=\"fr_FR\" \/>\n<meta property=\"og:type\" content=\"article\" \/>\n<meta property=\"og:title\" content=\"Formation manager stress \u00e9motions\" \/>\n<meta property=\"og:description\" content=\"Formation de gestion du stress et des \u00e9motions pour les managers et les chefs d&#039;\u00e9quipe. Formation de 2 jours.\" \/>\n<meta property=\"og:url\" content=\"https:\/\/isabellerecloux.be\/index.php\/manager-sereinement-gestion-du-stress-et-des-emotions-pour-les-managers\/\" \/>\n<meta property=\"og:site_name\" content=\"Isabelle Recloux Management\" \/>\n<meta property=\"article:publisher\" content=\"https:\/\/facebook.com\/isabellereclouxmanagement\" \/>\n<meta property=\"article:modified_time\" content=\"2024-01-18T16:18:16+00:00\" \/>\n<meta property=\"og:image\" content=\"https:\/\/isabellerecloux.be\/wp-content\/uploads\/2023\/08\/Gestion-du-stress-et-des-emotions-2-1024x683.png\" \/>\n\t<meta property=\"og:image:width\" content=\"1024\" \/>\n\t<meta property=\"og:image:height\" content=\"683\" \/>\n\t<meta property=\"og:image:type\" content=\"image\/png\" \/>\n<meta name=\"twitter:card\" content=\"summary_large_image\" \/>\n<meta name=\"twitter:label1\" content=\"Dur\u00e9e de lecture estim\u00e9e\" \/>\n\t<meta name=\"twitter:data1\" content=\"3 minutes\" \/>\n<script type=\"application\/ld+json\" class=\"yoast-schema-graph\">{\"@context\":\"https:\\\/\\\/schema.org\",\"@graph\":[{\"@type\":\"WebPage\",\"@id\":\"https:\\\/\\\/isabellerecloux.be\\\/index.php\\\/manager-sereinement-gestion-du-stress-et-des-emotions-pour-les-managers\\\/\",\"url\":\"https:\\\/\\\/isabellerecloux.be\\\/index.php\\\/manager-sereinement-gestion-du-stress-et-des-emotions-pour-les-managers\\\/\",\"name\":\"Formation manager stress \u00e9motions\",\"isPartOf\":{\"@id\":\"https:\\\/\\\/isabellerecloux.be\\\/#website\"},\"primaryImageOfPage\":{\"@id\":\"https:\\\/\\\/isabellerecloux.be\\\/index.php\\\/manager-sereinement-gestion-du-stress-et-des-emotions-pour-les-managers\\\/#primaryimage\"},\"image\":{\"@id\":\"https:\\\/\\\/isabellerecloux.be\\\/index.php\\\/manager-sereinement-gestion-du-stress-et-des-emotions-pour-les-managers\\\/#primaryimage\"},\"thumbnailUrl\":\"https:\\\/\\\/isabellerecloux.be\\\/wp-content\\\/uploads\\\/2023\\\/08\\\/Gestion-du-stress-et-des-emotions-2.png\",\"datePublished\":\"2023-09-30T17:41:32+00:00\",\"dateModified\":\"2024-01-18T16:18:16+00:00\",\"description\":\"Formation de gestion du stress et des \u00e9motions pour les managers et les chefs d'\u00e9quipe. Formation de 2 jours.\",\"breadcrumb\":{\"@id\":\"https:\\\/\\\/isabellerecloux.be\\\/index.php\\\/manager-sereinement-gestion-du-stress-et-des-emotions-pour-les-managers\\\/#breadcrumb\"},\"inLanguage\":\"fr-FR\",\"potentialAction\":[{\"@type\":\"ReadAction\",\"target\":[\"https:\\\/\\\/isabellerecloux.be\\\/index.php\\\/manager-sereinement-gestion-du-stress-et-des-emotions-pour-les-managers\\\/\"]}]},{\"@type\":\"ImageObject\",\"inLanguage\":\"fr-FR\",\"@id\":\"https:\\\/\\\/isabellerecloux.be\\\/index.php\\\/manager-sereinement-gestion-du-stress-et-des-emotions-pour-les-managers\\\/#primaryimage\",\"url\":\"https:\\\/\\\/isabellerecloux.be\\\/wp-content\\\/uploads\\\/2023\\\/08\\\/Gestion-du-stress-et-des-emotions-2.png\",\"contentUrl\":\"https:\\\/\\\/isabellerecloux.be\\\/wp-content\\\/uploads\\\/2023\\\/08\\\/Gestion-du-stress-et-des-emotions-2.png\",\"width\":2048,\"height\":1365,\"caption\":\"gestion stress et \u00e9motions manager\"},{\"@type\":\"BreadcrumbList\",\"@id\":\"https:\\\/\\\/isabellerecloux.be\\\/index.php\\\/manager-sereinement-gestion-du-stress-et-des-emotions-pour-les-managers\\\/#breadcrumb\",\"itemListElement\":[{\"@type\":\"ListItem\",\"position\":1,\"name\":\"Accueil\",\"item\":\"https:\\\/\\\/isabellerecloux.be\\\/\"},{\"@type\":\"ListItem\",\"position\":2,\"name\":\"Manager sereinement (gestion du stress et des \u00e9motions pour les managers)\"}]},{\"@type\":\"WebSite\",\"@id\":\"https:\\\/\\\/isabellerecloux.be\\\/#website\",\"url\":\"https:\\\/\\\/isabellerecloux.be\\\/\",\"name\":\"Isabelle Recloux Management\",\"description\":\"Formation - Consultance - Accompagnement\",\"publisher\":{\"@id\":\"https:\\\/\\\/isabellerecloux.be\\\/#organization\"},\"potentialAction\":[{\"@type\":\"SearchAction\",\"target\":{\"@type\":\"EntryPoint\",\"urlTemplate\":\"https:\\\/\\\/isabellerecloux.be\\\/?s={search_term_string}\"},\"query-input\":{\"@type\":\"PropertyValueSpecification\",\"valueRequired\":true,\"valueName\":\"search_term_string\"}}],\"inLanguage\":\"fr-FR\"},{\"@type\":\"Organization\",\"@id\":\"https:\\\/\\\/isabellerecloux.be\\\/#organization\",\"name\":\"Isabelle Recloux Management\",\"alternateName\":\"Isabelle Recloux\",\"url\":\"https:\\\/\\\/isabellerecloux.be\\\/\",\"logo\":{\"@type\":\"ImageObject\",\"inLanguage\":\"fr-FR\",\"@id\":\"https:\\\/\\\/isabellerecloux.be\\\/#\\\/schema\\\/logo\\\/image\\\/\",\"url\":\"https:\\\/\\\/isabellerecloux.be\\\/wp-content\\\/uploads\\\/2023\\\/06\\\/cropped-Logo-IRM.png\",\"contentUrl\":\"https:\\\/\\\/isabellerecloux.be\\\/wp-content\\\/uploads\\\/2023\\\/06\\\/cropped-Logo-IRM.png\",\"width\":512,\"height\":512,\"caption\":\"Isabelle Recloux Management\"},\"image\":{\"@id\":\"https:\\\/\\\/isabellerecloux.be\\\/#\\\/schema\\\/logo\\\/image\\\/\"},\"sameAs\":[\"https:\\\/\\\/facebook.com\\\/isabellereclouxmanagement\",\"https:\\\/\\\/www.linkedin.com\\\/in\\\/isabellerecloux\\\/\"]}]}<\/script>\n<!-- \/ Yoast SEO plugin. -->","yoast_head_json":{"title":"Formation manager stress \u00e9motions","description":"Formation de gestion du stress et des \u00e9motions pour les managers et les chefs d'\u00e9quipe. Formation de 2 jours.","robots":{"index":"index","follow":"follow","max-snippet":"max-snippet:-1","max-image-preview":"max-image-preview:large","max-video-preview":"max-video-preview:-1"},"canonical":"https:\/\/isabellerecloux.be\/index.php\/manager-sereinement-gestion-du-stress-et-des-emotions-pour-les-managers\/","og_locale":"fr_FR","og_type":"article","og_title":"Formation manager stress \u00e9motions","og_description":"Formation de gestion du stress et des \u00e9motions pour les managers et les chefs d'\u00e9quipe. Formation de 2 jours.","og_url":"https:\/\/isabellerecloux.be\/index.php\/manager-sereinement-gestion-du-stress-et-des-emotions-pour-les-managers\/","og_site_name":"Isabelle Recloux Management","article_publisher":"https:\/\/facebook.com\/isabellereclouxmanagement","article_modified_time":"2024-01-18T16:18:16+00:00","og_image":[{"width":1024,"height":683,"url":"https:\/\/isabellerecloux.be\/wp-content\/uploads\/2023\/08\/Gestion-du-stress-et-des-emotions-2-1024x683.png","type":"image\/png"}],"twitter_card":"summary_large_image","twitter_misc":{"Dur\u00e9e de lecture estim\u00e9e":"3 minutes"},"schema":{"@context":"https:\/\/schema.org","@graph":[{"@type":"WebPage","@id":"https:\/\/isabellerecloux.be\/index.php\/manager-sereinement-gestion-du-stress-et-des-emotions-pour-les-managers\/","url":"https:\/\/isabellerecloux.be\/index.php\/manager-sereinement-gestion-du-stress-et-des-emotions-pour-les-managers\/","name":"Formation manager stress \u00e9motions","isPartOf":{"@id":"https:\/\/isabellerecloux.be\/#website"},"primaryImageOfPage":{"@id":"https:\/\/isabellerecloux.be\/index.php\/manager-sereinement-gestion-du-stress-et-des-emotions-pour-les-managers\/#primaryimage"},"image":{"@id":"https:\/\/isabellerecloux.be\/index.php\/manager-sereinement-gestion-du-stress-et-des-emotions-pour-les-managers\/#primaryimage"},"thumbnailUrl":"https:\/\/isabellerecloux.be\/wp-content\/uploads\/2023\/08\/Gestion-du-stress-et-des-emotions-2.png","datePublished":"2023-09-30T17:41:32+00:00","dateModified":"2024-01-18T16:18:16+00:00","description":"Formation de gestion du stress et des \u00e9motions pour les managers et les chefs d'\u00e9quipe. Formation de 2 jours.","breadcrumb":{"@id":"https:\/\/isabellerecloux.be\/index.php\/manager-sereinement-gestion-du-stress-et-des-emotions-pour-les-managers\/#breadcrumb"},"inLanguage":"fr-FR","potentialAction":[{"@type":"ReadAction","target":["https:\/\/isabellerecloux.be\/index.php\/manager-sereinement-gestion-du-stress-et-des-emotions-pour-les-managers\/"]}]},{"@type":"ImageObject","inLanguage":"fr-FR","@id":"https:\/\/isabellerecloux.be\/index.php\/manager-sereinement-gestion-du-stress-et-des-emotions-pour-les-managers\/#primaryimage","url":"https:\/\/isabellerecloux.be\/wp-content\/uploads\/2023\/08\/Gestion-du-stress-et-des-emotions-2.png","contentUrl":"https:\/\/isabellerecloux.be\/wp-content\/uploads\/2023\/08\/Gestion-du-stress-et-des-emotions-2.png","width":2048,"height":1365,"caption":"gestion stress et \u00e9motions manager"},{"@type":"BreadcrumbList","@id":"https:\/\/isabellerecloux.be\/index.php\/manager-sereinement-gestion-du-stress-et-des-emotions-pour-les-managers\/#breadcrumb","itemListElement":[{"@type":"ListItem","position":1,"name":"Accueil","item":"https:\/\/isabellerecloux.be\/"},{"@type":"ListItem","position":2,"name":"Manager sereinement (gestion du stress et des \u00e9motions pour les managers)"}]},{"@type":"WebSite","@id":"https:\/\/isabellerecloux.be\/#website","url":"https:\/\/isabellerecloux.be\/","name":"Isabelle Recloux Management","description":"Formation - Consultance - Accompagnement","publisher":{"@id":"https:\/\/isabellerecloux.be\/#organization"},"potentialAction":[{"@type":"SearchAction","target":{"@type":"EntryPoint","urlTemplate":"https:\/\/isabellerecloux.be\/?s={search_term_string}"},"query-input":{"@type":"PropertyValueSpecification","valueRequired":true,"valueName":"search_term_string"}}],"inLanguage":"fr-FR"},{"@type":"Organization","@id":"https:\/\/isabellerecloux.be\/#organization","name":"Isabelle Recloux Management","alternateName":"Isabelle Recloux","url":"https:\/\/isabellerecloux.be\/","logo":{"@type":"ImageObject","inLanguage":"fr-FR","@id":"https:\/\/isabellerecloux.be\/#\/schema\/logo\/image\/","url":"https:\/\/isabellerecloux.be\/wp-content\/uploads\/2023\/06\/cropped-Logo-IRM.png","contentUrl":"https:\/\/isabellerecloux.be\/wp-content\/uploads\/2023\/06\/cropped-Logo-IRM.png","width":512,"height":512,"caption":"Isabelle Recloux Management"},"image":{"@id":"https:\/\/isabellerecloux.be\/#\/schema\/logo\/image\/"},"sameAs":["https:\/\/facebook.com\/isabellereclouxmanagement","https:\/\/www.linkedin.com\/in\/isabellerecloux\/"]}]}},"mfb_rest_fields":["title","yoast_head","yoast_head_json","gutenberg_elementor_mode"],"_links":{"self":[{"href":"https:\/\/isabellerecloux.be\/index.php\/wp-json\/wp\/v2\/pages\/1562","targetHints":{"allow":["GET"]}}],"collection":[{"href":"https:\/\/isabellerecloux.be\/index.php\/wp-json\/wp\/v2\/pages"}],"about":[{"href":"https:\/\/isabellerecloux.be\/index.php\/wp-json\/wp\/v2\/types\/page"}],"author":[{"embeddable":true,"href":"https:\/\/isabellerecloux.be\/index.php\/wp-json\/wp\/v2\/users\/1"}],"replies":[{"embeddable":true,"href":"https:\/\/isabellerecloux.be\/index.php\/wp-json\/wp\/v2\/comments?post=1562"}],"version-history":[{"count":30,"href":"https:\/\/isabellerecloux.be\/index.php\/wp-json\/wp\/v2\/pages\/1562\/revisions"}],"predecessor-version":[{"id":3226,"href":"https:\/\/isabellerecloux.be\/index.php\/wp-json\/wp\/v2\/pages\/1562\/revisions\/3226"}],"wp:featuredmedia":[{"embeddable":true,"href":"https:\/\/isabellerecloux.be\/index.php\/wp-json\/wp\/v2\/media\/701"}],"wp:attachment":[{"href":"https:\/\/isabellerecloux.be\/index.php\/wp-json\/wp\/v2\/media?parent=1562"}],"curies":[{"name":"wp","href":"https:\/\/api.w.org\/{rel}","templated":true}]}}